
{"version":"1.0","provider_name":"concursos","provider_url":"https:\/\/www.madera21.cl\/concursos","title":"Concurso de Arquitectura 2015 - concursos","type":"rich","width":600,"height":338,"html":"<blockquote class=\"wp-embedded-content\" data-secret=\"JLPt9ca0UL\"><a href=\"https:\/\/www.madera21.cl\/concursos\/convocatorias\/concurso-de-arquitectura-2015\/\">Concurso de Arquitectura 2015<\/a><\/blockquote><iframe sandbox=\"allow-scripts\" security=\"restricted\" src=\"https:\/\/www.madera21.cl\/concursos\/convocatorias\/concurso-de-arquitectura-2015\/embed\/#?secret=JLPt9ca0UL\" width=\"600\" height=\"338\" title=\"\u00abConcurso de Arquitectura 2015\u00bb \u2014 concursos\" data-secret=\"JLPt9ca0UL\" frameborder=\"0\" marginwidth=\"0\" marginheight=\"0\" scrolling=\"no\" class=\"wp-embedded-content\"><\/iframe><script>\n\/*! This file is auto-generated *\/\n!function(d,l){\"use strict\";l.querySelector&&d.addEventListener&&\"undefined\"!=typeof URL&&(d.wp=d.wp||{},d.wp.receiveEmbedMessage||(d.wp.receiveEmbedMessage=function(e){var t=e.data;if((t||t.secret||t.message||t.value)&&!\/[^a-zA-Z0-9]\/.test(t.secret)){for(var s,r,n,a=l.querySelectorAll('iframe[data-secret=\"'+t.secret+'\"]'),o=l.querySelectorAll('blockquote[data-secret=\"'+t.secret+'\"]'),c=new RegExp(\"^https?:$\",\"i\"),i=0;i<o.length;i++)o[i].style.display=\"none\";for(i=0;i<a.length;i++)s=a[i],e.source===s.contentWindow&&(s.removeAttribute(\"style\"),\"height\"===t.message?(1e3<(r=parseInt(t.value,10))?r=1e3:~~r<200&&(r=200),s.height=r):\"link\"===t.message&&(r=new URL(s.getAttribute(\"src\")),n=new URL(t.value),c.test(n.protocol))&&n.host===r.host&&l.activeElement===s&&(d.top.location.href=t.value))}},d.addEventListener(\"message\",d.wp.receiveEmbedMessage,!1),l.addEventListener(\"DOMContentLoaded\",function(){for(var e,t,s=l.querySelectorAll(\"iframe.wp-embedded-content\"),r=0;r<s.length;r++)(t=(e=s[r]).getAttribute(\"data-secret\"))||(t=Math.random().toString(36).substring(2,12),e.src+=\"#?secret=\"+t,e.setAttribute(\"data-secret\",t)),e.contentWindow.postMessage({message:\"ready\",secret:t},\"*\")},!1)))}(window,document);\n\/\/# sourceURL=https:\/\/www.madera21.cl\/concursos\/wp-includes\/js\/wp-embed.min.js\n<\/script>\n","thumbnail_url":"http:\/\/www.madera21.cl\/concursos\/wp-content\/uploads\/sites\/2\/2026\/03\/Head_Arq_2022.jpg","thumbnail_width":2404,"thumbnail_height":470,"description":"LA CONSTRUCCI\u00d3N DE UN BARRIO Nuestro certamen de arquitectura cumple, en esta versi\u00f3n, diez a\u00f1os. Por ello nos parece pertinente abordar el tema de la construcci\u00f3n de un barrio de viviendas en madera como respuesta al desaf\u00edo permanente que plantea la construcci\u00f3n de la ciudad. La vivienda en densidad, es el programa que concentra el [&hellip;]"}