
{"id":6788,"date":"2021-03-04T19:30:20","date_gmt":"2021-03-04T22:30:20","guid":{"rendered":"https:\/\/www.madera21.cl\/concursos\/?post_type=convocatorias&#038;p=6788"},"modified":"2026-03-09T21:45:44","modified_gmt":"2026-03-10T00:45:44","slug":"concurso-de-diseno-2021","status":"publish","type":"convocatorias","link":"https:\/\/www.madera21.cl\/concursos\/convocatorias\/concurso-de-diseno-2021\/","title":{"rendered":"Concurso de Dise\u00f1o 2021"},"content":{"rendered":"<p><strong>Dise\u00f1o en madera en la nueva realidad<\/strong><\/p>\n<p>Madera21 es una asociaci\u00f3n de Corma (Corporaci\u00f3n Chilena de la Madera) que est\u00e1 compuesta por diferentes actores, cuyo inter\u00e9s se encuentra en fomentar el uso de la madera en las \u00e1reas de la arquitectura, dise\u00f1o, ingenier\u00eda, construcci\u00f3n e innovaci\u00f3n y en transferir los conocimientos y tecnolog\u00eda necesarios para hacerlo.<\/p>\n<p>En este contexto y con el objetivo de involucrar estudiantes de dise\u00f1o en el conocimiento y uso de la madera, Madera21 crea el a\u00f1o 2012 el primer concurso de dise\u00f1o Madera21 \u2013 Corma.<\/p>\n<p>Esta versi\u00f3n 2021 constituye la X Versi\u00f3n del Concurso y est\u00e1 orientada a desafiar a la madera desde el dise\u00f1o, disciplina llamada a liderar procesos de transformaci\u00f3n con foco en los usuarios, en el contexto de escenarios de transformaci\u00f3n y cambios y los desaf\u00edos de desarrollo sostenible.<\/p>\n<p>Los objetivos de desarrollo sostenibles, se han definido como una variable cr\u00edtica al momento de fabricar y generar productos y servicios adaptados constantemente a los incesantes cambios que va teniendo el escenario global en relaci\u00f3n a la manera en c\u00f3mo las personas viven. Exigencias que se vieron expuestas m\u00e1s que nunca, el pasado 2020 con el comienzo de la contingencia sanitaria, que dispuso de manera global cambios radicales en la forma de vivir, trabajar y recrearse, circunstancia que ha entregado una nueva perspectiva hacia la manera en que nos relacionamos con el entorno<\/p>\n<p><strong>Los Objetivos Generales del Concurso son:<\/strong><\/p>\n<ul>\n<li>Reconocer en el dise\u00f1o una herramienta fundamental para la innovaci\u00f3n en la utilizaci\u00f3n de la madera y sus derivados.<\/li>\n<li>Promover el trabajo en equipo de profesores y estudiantes, incentivando la excelencia e innovaci\u00f3n, a trav\u00e9s de la investigaci\u00f3n rigurosa y la aplicaci\u00f3n de estos conceptos en el proyecto.<\/li>\n<li>Promover e incentivar en los estudiantes el conocimiento de la madera y de sus propiedades y la exploraci\u00f3n con este material.<\/li>\n<li>Fomentar la investigaci\u00f3n aplicada, la innovaci\u00f3n y la aplicaci\u00f3n de nuevas tecnolog\u00edas en el dise\u00f1o con madera.<\/li>\n<li>Estimular en los estudiantes la ejercitaci\u00f3n creativa, visualizando el material en todo su espectro de posibilidades.<\/li>\n<\/ul>\n<p>Promover el trabajo de profesionales y futuros profesionales con la madera, potenciando a Chile como un pa\u00eds referente en el dise\u00f1o en madera.<\/p>\n<div class=\"likebtn_container\" style=\"\"><!-- LikeBtn.com BEGIN --><span class=\"likebtn-wrapper\"  data-identifier=\"convocatorias_6788\"  data-site_id=\"58d98cec943ec9601191557b\"  data-lang=\"es\"  data-style=\"\"  data-unlike_allowed=\"\"  data-show_copyright=\"\"  data-item_url=\"https:\/\/www.madera21.cl\/concursos\/convocatorias\/concurso-de-diseno-2021\/\"  data-item_title=\"Concurso de Dise\u00f1o 2021\"  data-item_image=\"https:\/\/www.madera21.cl\/concursos\/wp-content\/uploads\/sites\/2\/2021\/03\/Header-DIs-2021-1024x206.jpg\"  data-item_date=\"2021-03-04T19:30:20-03:00\"  data-engine=\"WordPress\"  data-plugin_v=\"2.6.59\"  data-prx=\"https:\/\/www.madera21.cl\/concursos\/wp-admin\/admin-ajax.php?action=likebtn_prx\"  data-event_handler=\"likebtn_eh\" ><\/span><!-- LikeBtn.com END --><\/div>","protected":false},"featured_media":7048,"template":"","meta":{"_acf_changed":false},"anos":[405],"tipo":[392],"class_list":["post-6788","convocatorias","type-convocatorias","status-publish","has-post-thumbnail","hentry","anos-405","tipo-diseno"],"acf":[],"yoast_head":"<!-- This site is optimized with the Yoast SEO plugin v27.5 - https:\/\/yoast.com\/product\/yoast-seo-wordpress\/ -->\n<title>Concurso de Dise\u00f1o 2021 - concursos<\/title>\n<meta name=\"robots\" content=\"index, follow, max-snippet:-1, max-image-preview:large, max-video-preview:-1\" \/>\n<link rel=\"canonical\" href=\"https:\/\/www.madera21.cl\/concursos\/convocatorias\/concurso-de-diseno-2021\/\" \/>\n<meta property=\"og:locale\" content=\"es_ES\" \/>\n<meta property=\"og:type\" content=\"article\" \/>\n<meta property=\"og:title\" content=\"Concurso de Dise\u00f1o 2021 - concursos\" \/>\n<meta property=\"og:description\" content=\"Dise\u00f1o en madera en la nueva realidad Madera21 es una asociaci\u00f3n de Corma (Corporaci\u00f3n Chilena de la Madera) que est\u00e1 compuesta por diferentes actores, cuyo inter\u00e9s se encuentra en fomentar el uso de la madera en las \u00e1reas de la arquitectura, dise\u00f1o, ingenier\u00eda, construcci\u00f3n e innovaci\u00f3n y en transferir los conocimientos y tecnolog\u00eda necesarios para [&hellip;]\" \/>\n<meta property=\"og:url\" content=\"https:\/\/www.madera21.cl\/concursos\/convocatorias\/concurso-de-diseno-2021\/\" \/>\n<meta property=\"og:site_name\" content=\"concursos\" \/>\n<meta property=\"article:modified_time\" content=\"2026-03-10T00:45:44+00:00\" \/>\n<meta property=\"og:image\" content=\"http:\/\/www.madera21.cl\/concursos\/wp-content\/uploads\/sites\/2\/2021\/03\/Header-DIs-2021.jpg\" \/>\n\t<meta property=\"og:image:width\" content=\"1365\" \/>\n\t<meta property=\"og:image:height\" content=\"274\" \/>\n\t<meta property=\"og:image:type\" content=\"image\/jpeg\" \/>\n<meta name=\"twitter:card\" content=\"summary_large_image\" \/>\n<meta name=\"twitter:label1\" content=\"Tiempo de lectura\" \/>\n\t<meta name=\"twitter:data1\" content=\"2 minutos\" \/>\n<script type=\"application\/ld+json\" class=\"yoast-schema-graph\">{\"@context\":\"https:\\\/\\\/schema.org\",\"@graph\":[{\"@type\":\"WebPage\",\"@id\":\"https:\\\/\\\/www.madera21.cl\\\/concursos\\\/convocatorias\\\/concurso-de-diseno-2021\\\/\",\"url\":\"https:\\\/\\\/www.madera21.cl\\\/concursos\\\/convocatorias\\\/concurso-de-diseno-2021\\\/\",\"name\":\"Concurso de Dise\u00f1o 2021 - concursos\",\"isPartOf\":{\"@id\":\"https:\\\/\\\/www.madera21.cl\\\/concursos\\\/#website\"},\"primaryImageOfPage\":{\"@id\":\"https:\\\/\\\/www.madera21.cl\\\/concursos\\\/convocatorias\\\/concurso-de-diseno-2021\\\/#primaryimage\"},\"image\":{\"@id\":\"https:\\\/\\\/www.madera21.cl\\\/concursos\\\/convocatorias\\\/concurso-de-diseno-2021\\\/#primaryimage\"},\"thumbnailUrl\":\"https:\\\/\\\/www.madera21.cl\\\/concursos\\\/wp-content\\\/uploads\\\/sites\\\/2\\\/2021\\\/03\\\/Header-DIs-2021.jpg\",\"datePublished\":\"2021-03-04T22:30:20+00:00\",\"dateModified\":\"2026-03-10T00:45:44+00:00\",\"breadcrumb\":{\"@id\":\"https:\\\/\\\/www.madera21.cl\\\/concursos\\\/convocatorias\\\/concurso-de-diseno-2021\\\/#breadcrumb\"},\"inLanguage\":\"es\",\"potentialAction\":[{\"@type\":\"ReadAction\",\"target\":[\"https:\\\/\\\/www.madera21.cl\\\/concursos\\\/convocatorias\\\/concurso-de-diseno-2021\\\/\"]}]},{\"@type\":\"ImageObject\",\"inLanguage\":\"es\",\"@id\":\"https:\\\/\\\/www.madera21.cl\\\/concursos\\\/convocatorias\\\/concurso-de-diseno-2021\\\/#primaryimage\",\"url\":\"https:\\\/\\\/www.madera21.cl\\\/concursos\\\/wp-content\\\/uploads\\\/sites\\\/2\\\/2021\\\/03\\\/Header-DIs-2021.jpg\",\"contentUrl\":\"https:\\\/\\\/www.madera21.cl\\\/concursos\\\/wp-content\\\/uploads\\\/sites\\\/2\\\/2021\\\/03\\\/Header-DIs-2021.jpg\",\"width\":1365,\"height\":274},{\"@type\":\"BreadcrumbList\",\"@id\":\"https:\\\/\\\/www.madera21.cl\\\/concursos\\\/convocatorias\\\/concurso-de-diseno-2021\\\/#breadcrumb\",\"itemListElement\":[{\"@type\":\"ListItem\",\"position\":1,\"name\":\"Portada\",\"item\":\"https:\\\/\\\/www.madera21.cl\\\/concursos\\\/\"},{\"@type\":\"ListItem\",\"position\":2,\"name\":\"Convocatorias\",\"item\":\"https:\\\/\\\/www.madera21.cl\\\/concursos\\\/convocatorias\\\/\"},{\"@type\":\"ListItem\",\"position\":3,\"name\":\"Concurso de Dise\u00f1o 2021\"}]},{\"@type\":\"WebSite\",\"@id\":\"https:\\\/\\\/www.madera21.cl\\\/concursos\\\/#website\",\"url\":\"https:\\\/\\\/www.madera21.cl\\\/concursos\\\/\",\"name\":\"concursos\",\"description\":\"\",\"publisher\":{\"@id\":\"https:\\\/\\\/www.madera21.cl\\\/concursos\\\/#organization\"},\"potentialAction\":[{\"@type\":\"SearchAction\",\"target\":{\"@type\":\"EntryPoint\",\"urlTemplate\":\"https:\\\/\\\/www.madera21.cl\\\/concursos\\\/?s={search_term_string}\"},\"query-input\":{\"@type\":\"PropertyValueSpecification\",\"valueRequired\":true,\"valueName\":\"search_term_string\"}}],\"inLanguage\":\"es\"},{\"@type\":\"Organization\",\"@id\":\"https:\\\/\\\/www.madera21.cl\\\/concursos\\\/#organization\",\"name\":\"concursos\",\"url\":\"https:\\\/\\\/www.madera21.cl\\\/concursos\\\/\",\"logo\":{\"@type\":\"ImageObject\",\"inLanguage\":\"es\",\"@id\":\"https:\\\/\\\/www.madera21.cl\\\/concursos\\\/#\\\/schema\\\/logo\\\/image\\\/\",\"url\":\"https:\\\/\\\/www.madera21.cl\\\/concursos\\\/wp-content\\\/uploads\\\/sites\\\/2\\\/2024\\\/10\\\/Logo_concursos.svg\",\"contentUrl\":\"https:\\\/\\\/www.madera21.cl\\\/concursos\\\/wp-content\\\/uploads\\\/sites\\\/2\\\/2024\\\/10\\\/Logo_concursos.svg\",\"width\":249,\"height\":44,\"caption\":\"concursos\"},\"image\":{\"@id\":\"https:\\\/\\\/www.madera21.cl\\\/concursos\\\/#\\\/schema\\\/logo\\\/image\\\/\"}}]}<\/script>\n<!-- \/ Yoast SEO plugin. -->","yoast_head_json":{"title":"Concurso de Dise\u00f1o 2021 - concursos","robots":{"index":"index","follow":"follow","max-snippet":"max-snippet:-1","max-image-preview":"max-image-preview:large","max-video-preview":"max-video-preview:-1"},"canonical":"https:\/\/www.madera21.cl\/concursos\/convocatorias\/concurso-de-diseno-2021\/","og_locale":"es_ES","og_type":"article","og_title":"Concurso de Dise\u00f1o 2021 - concursos","og_description":"Dise\u00f1o en madera en la nueva realidad Madera21 es una asociaci\u00f3n de Corma (Corporaci\u00f3n Chilena de la Madera) que est\u00e1 compuesta por diferentes actores, cuyo inter\u00e9s se encuentra en fomentar el uso de la madera en las \u00e1reas de la arquitectura, dise\u00f1o, ingenier\u00eda, construcci\u00f3n e innovaci\u00f3n y en transferir los conocimientos y tecnolog\u00eda necesarios para [&hellip;]","og_url":"https:\/\/www.madera21.cl\/concursos\/convocatorias\/concurso-de-diseno-2021\/","og_site_name":"concursos","article_modified_time":"2026-03-10T00:45:44+00:00","og_image":[{"width":1365,"height":274,"url":"http:\/\/www.madera21.cl\/concursos\/wp-content\/uploads\/sites\/2\/2021\/03\/Header-DIs-2021.jpg","type":"image\/jpeg"}],"twitter_card":"summary_large_image","twitter_misc":{"Tiempo de lectura":"2 minutos"},"schema":{"@context":"https:\/\/schema.org","@graph":[{"@type":"WebPage","@id":"https:\/\/www.madera21.cl\/concursos\/convocatorias\/concurso-de-diseno-2021\/","url":"https:\/\/www.madera21.cl\/concursos\/convocatorias\/concurso-de-diseno-2021\/","name":"Concurso de Dise\u00f1o 2021 - concursos","isPartOf":{"@id":"https:\/\/www.madera21.cl\/concursos\/#website"},"primaryImageOfPage":{"@id":"https:\/\/www.madera21.cl\/concursos\/convocatorias\/concurso-de-diseno-2021\/#primaryimage"},"image":{"@id":"https:\/\/www.madera21.cl\/concursos\/convocatorias\/concurso-de-diseno-2021\/#primaryimage"},"thumbnailUrl":"https:\/\/www.madera21.cl\/concursos\/wp-content\/uploads\/sites\/2\/2021\/03\/Header-DIs-2021.jpg","datePublished":"2021-03-04T22:30:20+00:00","dateModified":"2026-03-10T00:45:44+00:00","breadcrumb":{"@id":"https:\/\/www.madera21.cl\/concursos\/convocatorias\/concurso-de-diseno-2021\/#breadcrumb"},"inLanguage":"es","potentialAction":[{"@type":"ReadAction","target":["https:\/\/www.madera21.cl\/concursos\/convocatorias\/concurso-de-diseno-2021\/"]}]},{"@type":"ImageObject","inLanguage":"es","@id":"https:\/\/www.madera21.cl\/concursos\/convocatorias\/concurso-de-diseno-2021\/#primaryimage","url":"https:\/\/www.madera21.cl\/concursos\/wp-content\/uploads\/sites\/2\/2021\/03\/Header-DIs-2021.jpg","contentUrl":"https:\/\/www.madera21.cl\/concursos\/wp-content\/uploads\/sites\/2\/2021\/03\/Header-DIs-2021.jpg","width":1365,"height":274},{"@type":"BreadcrumbList","@id":"https:\/\/www.madera21.cl\/concursos\/convocatorias\/concurso-de-diseno-2021\/#breadcrumb","itemListElement":[{"@type":"ListItem","position":1,"name":"Portada","item":"https:\/\/www.madera21.cl\/concursos\/"},{"@type":"ListItem","position":2,"name":"Convocatorias","item":"https:\/\/www.madera21.cl\/concursos\/convocatorias\/"},{"@type":"ListItem","position":3,"name":"Concurso de Dise\u00f1o 2021"}]},{"@type":"WebSite","@id":"https:\/\/www.madera21.cl\/concursos\/#website","url":"https:\/\/www.madera21.cl\/concursos\/","name":"concursos","description":"","publisher":{"@id":"https:\/\/www.madera21.cl\/concursos\/#organization"},"potentialAction":[{"@type":"SearchAction","target":{"@type":"EntryPoint","urlTemplate":"https:\/\/www.madera21.cl\/concursos\/?s={search_term_string}"},"query-input":{"@type":"PropertyValueSpecification","valueRequired":true,"valueName":"search_term_string"}}],"inLanguage":"es"},{"@type":"Organization","@id":"https:\/\/www.madera21.cl\/concursos\/#organization","name":"concursos","url":"https:\/\/www.madera21.cl\/concursos\/","logo":{"@type":"ImageObject","inLanguage":"es","@id":"https:\/\/www.madera21.cl\/concursos\/#\/schema\/logo\/image\/","url":"https:\/\/www.madera21.cl\/concursos\/wp-content\/uploads\/sites\/2\/2024\/10\/Logo_concursos.svg","contentUrl":"https:\/\/www.madera21.cl\/concursos\/wp-content\/uploads\/sites\/2\/2024\/10\/Logo_concursos.svg","width":249,"height":44,"caption":"concursos"},"image":{"@id":"https:\/\/www.madera21.cl\/concursos\/#\/schema\/logo\/image\/"}}]}},"_links":{"self":[{"href":"https:\/\/www.madera21.cl\/concursos\/wp-json\/wp\/v2\/convocatorias\/6788","targetHints":{"allow":["GET"]}}],"collection":[{"href":"https:\/\/www.madera21.cl\/concursos\/wp-json\/wp\/v2\/convocatorias"}],"about":[{"href":"https:\/\/www.madera21.cl\/concursos\/wp-json\/wp\/v2\/types\/convocatorias"}],"wp:featuredmedia":[{"embeddable":true,"href":"https:\/\/www.madera21.cl\/concursos\/wp-json\/wp\/v2\/media\/7048"}],"wp:attachment":[{"href":"https:\/\/www.madera21.cl\/concursos\/wp-json\/wp\/v2\/media?parent=6788"}],"wp:term":[{"taxonomy":"anos","embeddable":true,"href":"https:\/\/www.madera21.cl\/concursos\/wp-json\/wp\/v2\/anos?post=6788"},{"taxonomy":"tipo","embeddable":true,"href":"https:\/\/www.madera21.cl\/concursos\/wp-json\/wp\/v2\/tipo?post=6788"}],"curies":[{"name":"wp","href":"https:\/\/api.w.org\/{rel}","templated":true}]}}