
{"id":6889,"date":"2023-03-09T11:37:15","date_gmt":"2023-03-09T14:37:15","guid":{"rendered":"https:\/\/www.madera21.cl\/concursos\/?post_type=convocatorias&#038;p=6889"},"modified":"2026-03-09T21:39:18","modified_gmt":"2026-03-10T00:39:18","slug":"concurso-de-arquitectura-2023","status":"publish","type":"convocatorias","link":"https:\/\/www.madera21.cl\/concursos\/convocatorias\/concurso-de-arquitectura-2023\/","title":{"rendered":"Concurso de Arquitectura 2023"},"content":{"rendered":"<div class=\"et_pb_module et_pb_text et_pb_text_3 et_pb_text_align_left et_pb_bg_layout_light\">\n<div class=\"et_pb_text_inner\">\n<blockquote><p><span style=\"color: #a167db;\">Se comunica a todos los concursantes que al momento de postular deben incluir en la entrega digital de l\u00e1minas, \u00a0cada l\u00e1mina en formato A2 y A1 horizontal. Si tienen alguna duda, vean el <strong><a style=\"color: #a167db;\" href=\"http:\/\/www.madera21.cl\/concursos\/wp-content\/uploads\/sites\/2\/2026\/03\/Aclaracion-concurso-arquitectura-6-7-23-Director-concurso-Tomas-Villalon.pdf\" target=\"_blank\" rel=\"noopener\">siguiente documento<\/a><\/strong>.<\/span><\/p><\/blockquote>\n<p><strong><span class=\"TextRun SCXW200421288 BCX0\" lang=\"ES-CL\" xml:lang=\"ES-CL\" data-contrast=\"none\"><span class=\"NormalTextRun SCXW200421288 BCX0\">Vivienda Colectiva industrializada de inter\u00e9s p\u00fablico<\/span><\/span><span class=\"EOP SCXW200421288 BCX0\" data-ccp-props=\"{&quot;201341983&quot;:0,&quot;335559739&quot;:160,&quot;335559740&quot;:240,&quot;469777462&quot;:[4420,8840],&quot;469777927&quot;:[0,0],&quot;469777928&quot;:[3,4]}\">\u00a0<\/span><\/strong><\/p>\n<p><span data-contrast=\"auto\">La evidencia hoy nos muestra que Chile enfrenta cifras cercanas a las 650.000 viviendas de d\u00e9ficit, situaci\u00f3n in\u00e9dita en gran parte de sus \u00faltimos a\u00f1os de desarrollo, lo que ha provocado un giro en los intereses p\u00fablicos, no solo desde la perspectiva de la urgencia, sino fundamentalmente por la escala del desaf\u00edo.<\/span><span data-ccp-props=\"{&quot;201341983&quot;:0,&quot;335551550&quot;:6,&quot;335551620&quot;:6,&quot;335559739&quot;:160,&quot;335559740&quot;:259}\">\u00a0<\/span><\/p>\n<p><span data-contrast=\"auto\">El ritmo con el cual se ha dado respuesta hist\u00f3ricamente a este problema, es evidentemente insuficiente. Este simple ejercicio, nos lleva a pensar en que debemos actuar de manera muy distinta para justamente tener resultados distintos.<\/span><span data-ccp-props=\"{&quot;201341983&quot;:0,&quot;335551550&quot;:6,&quot;335551620&quot;:6,&quot;335559739&quot;:160,&quot;335559740&quot;:259}\">\u00a0<\/span><\/p>\n<p><span data-contrast=\"auto\">Los motivos son muy diversos: desde un aumento sostenido en los \u00faltimos a\u00f1os de la poblaci\u00f3n inmigrante, un tr\u00e1nsito creciente de la vivienda formal a la informal por parte de la poblaci\u00f3n local, la inestabilidad en la econom\u00eda y el empleo, la pandemia, entre otros. En consecuencia, los campamentos se transforman en soluciones r\u00e1pidas al conflicto, aumentando de manera vertiginosa en nuestro pa\u00eds, poniendo en evidencia que la oferta formal va muy por detr\u00e1s de la demanda real de la vivienda de inter\u00e9s p\u00fablico en Chile.<\/span><span data-ccp-props=\"{&quot;201341983&quot;:0,&quot;335551550&quot;:6,&quot;335551620&quot;:6,&quot;335559739&quot;:160,&quot;335559740&quot;:259}\">\u00a0<\/span><\/p>\n<p><span data-contrast=\"auto\">Sin duda, la madera y la industrializaci\u00f3n, emergen como posibilidades reales y eficientes para dar respuesta a este conflicto. La agilidad constructiva, su ductilidad estructural, su comportamiento arquitect\u00f3nico; posicionan el material como una soluci\u00f3n real, econ\u00f3mica, y eficaz. Su manejo estrat\u00e9gico, plantea la vivienda como una pieza de ensambles y calces desarrollada en seco, donde los tiempos de obra se reducen de manera significativa, pudiendo planificar grandes n\u00fameros en tiempos muy acotados.<\/span><span data-ccp-props=\"{&quot;201341983&quot;:0,&quot;335551550&quot;:6,&quot;335551620&quot;:6,&quot;335559739&quot;:160,&quot;335559740&quot;:259}\">\u00a0<\/span><\/p>\n<p><span data-contrast=\"auto\">Del mismo modo, la obra reduce la emisi\u00f3n de residuos, que actualmente son el responsable del 30% de la basura en el planeta. La capacidad de la madera de \u201csecuestrar carbono\u201d, posiciona al material como una alternativa que da respuestas responsables al medio ambiente, entendiendo el material como parte de un proceso circular de reutilizaci\u00f3n y reciclaje.<\/span><span data-ccp-props=\"{&quot;201341983&quot;:0,&quot;335551550&quot;:6,&quot;335551620&quot;:6,&quot;335559739&quot;:160,&quot;335559740&quot;:259}\">\u00a0<\/span><\/p>\n<p><span data-contrast=\"auto\">La versi\u00f3n XVIII del concurso Madera21- Corma, invita a todos los estudiantes y profesores de las escuelas de arquitectura a dise\u00f1ar estos mecanismos de industrializaci\u00f3n en madera (dise\u00f1o, fabricaci\u00f3n, traslado y montaje) para la construcci\u00f3n de vivienda de inter\u00e9s p\u00fablico. Los sistemas son diversos, pudiendo establecer criterios mixtos, o bien innovar en los alcances del conocimiento disponible. La invitaci\u00f3n es a emplear la madera como un veh\u00edculo de modernizaci\u00f3n que entregue agilidad, rapidez y econom\u00eda, y que estas caracter\u00edsticas tan \u00fanicas sean capitalizadas en las propuestas arquitect\u00f3nicas de los concursantes.<\/span><span data-ccp-props=\"{&quot;201341983&quot;:0,&quot;335551550&quot;:6,&quot;335551620&quot;:6,&quot;335559739&quot;:160,&quot;335559740&quot;:259}\">\u00a0<\/span><\/p>\n<\/div>\n<\/div>\n<div class=\"et_pb_module et_pb_text et_pb_text_4 et_pb_text_align_left et_pb_bg_layout_light\">\n<div class=\"et_pb_text_inner\">\n<p><b><span data-contrast=\"auto\">Los objetivos generales del Concurso son:<\/span><\/b><span data-ccp-props=\"{&quot;201341983&quot;:0,&quot;335551550&quot;:6,&quot;335551620&quot;:6,&quot;335559739&quot;:160,&quot;335559740&quot;:259}\">\u00a0<\/span><\/p>\n<ul>\n<li><span data-contrast=\"auto\">Reconocer en la arquitectura una disciplina fundamental para el fomento y la utilizaci\u00f3n de la madera, como herramienta para mejorar la habitabilidad y sustentabilidad de los proyectos arquitect\u00f3nicos.<\/span><\/li>\n<li><span data-contrast=\"auto\">Promover el trabajo en equipo de profesores y estudiantes, incentivando la excelencia e innovaci\u00f3n, a trav\u00e9s de la investigaci\u00f3n y la aplicaci\u00f3n de estos conceptos en el proyecto.<\/span><\/li>\n<li><span data-contrast=\"auto\">Promover e incentivar en los estudiantes el conocimiento de la madera, de sus propiedades y atributos, aplicando as\u00ed este conocimiento para el dise\u00f1o adecuado e innovador de proyectos arquitect\u00f3nicos.<\/span><\/li>\n<li><span data-contrast=\"auto\">Fomentar la investigaci\u00f3n aplicada, innovaci\u00f3n y aplicaci\u00f3n de nuevas tecnolog\u00edas en madera.<\/span><\/li>\n<li><span data-contrast=\"auto\">Estimular la creatividad en los estudiantes, visualizando el material en todo su espectro de posibilidades.<\/span><\/li>\n<li><span data-contrast=\"auto\">Promover el trabajo de profesionales y futuros profesionales con la madera, potenciando a Chile como un pa\u00eds destacado en el dise\u00f1o y construcci\u00f3n con productos de calidad y con tecnolog\u00edas innovadoras en madera.<\/span><\/li>\n<\/ul>\n<\/div>\n<\/div>\n<div class=\"likebtn_container\" style=\"\"><!-- LikeBtn.com BEGIN --><span class=\"likebtn-wrapper\"  data-identifier=\"convocatorias_6889\"  data-site_id=\"58d98cec943ec9601191557b\"  data-lang=\"es\"  data-style=\"\"  data-unlike_allowed=\"\"  data-show_copyright=\"\"  data-item_url=\"https:\/\/www.madera21.cl\/concursos\/convocatorias\/concurso-de-arquitectura-2023\/\"  data-item_title=\"Concurso de Arquitectura 2023\"  data-item_image=\"https:\/\/www.madera21.cl\/concursos\/wp-content\/uploads\/sites\/2\/2023\/03\/Header-Arq-2023-1024x206.jpg\"  data-item_date=\"2023-03-09T11:37:15-03:00\"  data-engine=\"WordPress\"  data-plugin_v=\"2.6.59\"  data-prx=\"https:\/\/www.madera21.cl\/concursos\/wp-admin\/admin-ajax.php?action=likebtn_prx\"  data-event_handler=\"likebtn_eh\" ><\/span><!-- LikeBtn.com END --><\/div>","protected":false},"featured_media":7037,"template":"","meta":{"_acf_changed":false},"anos":[407],"tipo":[393],"class_list":["post-6889","convocatorias","type-convocatorias","status-publish","has-post-thumbnail","hentry","anos-407","tipo-arquitectura"],"acf":[],"yoast_head":"<!-- This site is optimized with the Yoast SEO plugin v27.5 - https:\/\/yoast.com\/product\/yoast-seo-wordpress\/ -->\n<title>Concurso de Arquitectura 2023 - concursos<\/title>\n<meta name=\"robots\" content=\"index, follow, max-snippet:-1, max-image-preview:large, max-video-preview:-1\" \/>\n<link rel=\"canonical\" href=\"https:\/\/www.madera21.cl\/concursos\/convocatorias\/concurso-de-arquitectura-2023\/\" \/>\n<meta property=\"og:locale\" content=\"es_ES\" \/>\n<meta property=\"og:type\" content=\"article\" \/>\n<meta property=\"og:title\" content=\"Concurso de Arquitectura 2023 - concursos\" \/>\n<meta property=\"og:description\" content=\"Se comunica a todos los concursantes que al momento de postular deben incluir en la entrega digital de l\u00e1minas, \u00a0cada l\u00e1mina en formato A2 y A1 horizontal. Si tienen alguna duda, vean el siguiente documento. Vivienda Colectiva industrializada de inter\u00e9s p\u00fablico\u00a0 La evidencia hoy nos muestra que Chile enfrenta cifras cercanas a las 650.000 viviendas [&hellip;]\" \/>\n<meta property=\"og:url\" content=\"https:\/\/www.madera21.cl\/concursos\/convocatorias\/concurso-de-arquitectura-2023\/\" \/>\n<meta property=\"og:site_name\" content=\"concursos\" \/>\n<meta property=\"article:modified_time\" content=\"2026-03-10T00:39:18+00:00\" \/>\n<meta property=\"og:image\" content=\"http:\/\/www.madera21.cl\/concursos\/wp-content\/uploads\/sites\/2\/2023\/03\/Header-Arq-2023.jpg\" \/>\n\t<meta property=\"og:image:width\" content=\"1365\" \/>\n\t<meta property=\"og:image:height\" content=\"274\" \/>\n\t<meta property=\"og:image:type\" content=\"image\/jpeg\" \/>\n<meta name=\"twitter:card\" content=\"summary_large_image\" \/>\n<meta name=\"twitter:label1\" content=\"Tiempo de lectura\" \/>\n\t<meta name=\"twitter:data1\" content=\"3 minutos\" \/>\n<script type=\"application\/ld+json\" class=\"yoast-schema-graph\">{\"@context\":\"https:\\\/\\\/schema.org\",\"@graph\":[{\"@type\":\"WebPage\",\"@id\":\"https:\\\/\\\/www.madera21.cl\\\/concursos\\\/convocatorias\\\/concurso-de-arquitectura-2023\\\/\",\"url\":\"https:\\\/\\\/www.madera21.cl\\\/concursos\\\/convocatorias\\\/concurso-de-arquitectura-2023\\\/\",\"name\":\"Concurso de Arquitectura 2023 - concursos\",\"isPartOf\":{\"@id\":\"https:\\\/\\\/www.madera21.cl\\\/concursos\\\/#website\"},\"primaryImageOfPage\":{\"@id\":\"https:\\\/\\\/www.madera21.cl\\\/concursos\\\/convocatorias\\\/concurso-de-arquitectura-2023\\\/#primaryimage\"},\"image\":{\"@id\":\"https:\\\/\\\/www.madera21.cl\\\/concursos\\\/convocatorias\\\/concurso-de-arquitectura-2023\\\/#primaryimage\"},\"thumbnailUrl\":\"https:\\\/\\\/www.madera21.cl\\\/concursos\\\/wp-content\\\/uploads\\\/sites\\\/2\\\/2023\\\/03\\\/Header-Arq-2023.jpg\",\"datePublished\":\"2023-03-09T14:37:15+00:00\",\"dateModified\":\"2026-03-10T00:39:18+00:00\",\"breadcrumb\":{\"@id\":\"https:\\\/\\\/www.madera21.cl\\\/concursos\\\/convocatorias\\\/concurso-de-arquitectura-2023\\\/#breadcrumb\"},\"inLanguage\":\"es\",\"potentialAction\":[{\"@type\":\"ReadAction\",\"target\":[\"https:\\\/\\\/www.madera21.cl\\\/concursos\\\/convocatorias\\\/concurso-de-arquitectura-2023\\\/\"]}]},{\"@type\":\"ImageObject\",\"inLanguage\":\"es\",\"@id\":\"https:\\\/\\\/www.madera21.cl\\\/concursos\\\/convocatorias\\\/concurso-de-arquitectura-2023\\\/#primaryimage\",\"url\":\"https:\\\/\\\/www.madera21.cl\\\/concursos\\\/wp-content\\\/uploads\\\/sites\\\/2\\\/2023\\\/03\\\/Header-Arq-2023.jpg\",\"contentUrl\":\"https:\\\/\\\/www.madera21.cl\\\/concursos\\\/wp-content\\\/uploads\\\/sites\\\/2\\\/2023\\\/03\\\/Header-Arq-2023.jpg\",\"width\":1365,\"height\":274},{\"@type\":\"BreadcrumbList\",\"@id\":\"https:\\\/\\\/www.madera21.cl\\\/concursos\\\/convocatorias\\\/concurso-de-arquitectura-2023\\\/#breadcrumb\",\"itemListElement\":[{\"@type\":\"ListItem\",\"position\":1,\"name\":\"Portada\",\"item\":\"https:\\\/\\\/www.madera21.cl\\\/concursos\\\/\"},{\"@type\":\"ListItem\",\"position\":2,\"name\":\"Convocatorias\",\"item\":\"https:\\\/\\\/www.madera21.cl\\\/concursos\\\/convocatorias\\\/\"},{\"@type\":\"ListItem\",\"position\":3,\"name\":\"Concurso de Arquitectura 2023\"}]},{\"@type\":\"WebSite\",\"@id\":\"https:\\\/\\\/www.madera21.cl\\\/concursos\\\/#website\",\"url\":\"https:\\\/\\\/www.madera21.cl\\\/concursos\\\/\",\"name\":\"concursos\",\"description\":\"\",\"publisher\":{\"@id\":\"https:\\\/\\\/www.madera21.cl\\\/concursos\\\/#organization\"},\"potentialAction\":[{\"@type\":\"SearchAction\",\"target\":{\"@type\":\"EntryPoint\",\"urlTemplate\":\"https:\\\/\\\/www.madera21.cl\\\/concursos\\\/?s={search_term_string}\"},\"query-input\":{\"@type\":\"PropertyValueSpecification\",\"valueRequired\":true,\"valueName\":\"search_term_string\"}}],\"inLanguage\":\"es\"},{\"@type\":\"Organization\",\"@id\":\"https:\\\/\\\/www.madera21.cl\\\/concursos\\\/#organization\",\"name\":\"concursos\",\"url\":\"https:\\\/\\\/www.madera21.cl\\\/concursos\\\/\",\"logo\":{\"@type\":\"ImageObject\",\"inLanguage\":\"es\",\"@id\":\"https:\\\/\\\/www.madera21.cl\\\/concursos\\\/#\\\/schema\\\/logo\\\/image\\\/\",\"url\":\"https:\\\/\\\/www.madera21.cl\\\/concursos\\\/wp-content\\\/uploads\\\/sites\\\/2\\\/2024\\\/10\\\/Logo_concursos.svg\",\"contentUrl\":\"https:\\\/\\\/www.madera21.cl\\\/concursos\\\/wp-content\\\/uploads\\\/sites\\\/2\\\/2024\\\/10\\\/Logo_concursos.svg\",\"width\":249,\"height\":44,\"caption\":\"concursos\"},\"image\":{\"@id\":\"https:\\\/\\\/www.madera21.cl\\\/concursos\\\/#\\\/schema\\\/logo\\\/image\\\/\"}}]}<\/script>\n<!-- \/ Yoast SEO plugin. -->","yoast_head_json":{"title":"Concurso de Arquitectura 2023 - concursos","robots":{"index":"index","follow":"follow","max-snippet":"max-snippet:-1","max-image-preview":"max-image-preview:large","max-video-preview":"max-video-preview:-1"},"canonical":"https:\/\/www.madera21.cl\/concursos\/convocatorias\/concurso-de-arquitectura-2023\/","og_locale":"es_ES","og_type":"article","og_title":"Concurso de Arquitectura 2023 - concursos","og_description":"Se comunica a todos los concursantes que al momento de postular deben incluir en la entrega digital de l\u00e1minas, \u00a0cada l\u00e1mina en formato A2 y A1 horizontal. Si tienen alguna duda, vean el siguiente documento. Vivienda Colectiva industrializada de inter\u00e9s p\u00fablico\u00a0 La evidencia hoy nos muestra que Chile enfrenta cifras cercanas a las 650.000 viviendas [&hellip;]","og_url":"https:\/\/www.madera21.cl\/concursos\/convocatorias\/concurso-de-arquitectura-2023\/","og_site_name":"concursos","article_modified_time":"2026-03-10T00:39:18+00:00","og_image":[{"width":1365,"height":274,"url":"http:\/\/www.madera21.cl\/concursos\/wp-content\/uploads\/sites\/2\/2023\/03\/Header-Arq-2023.jpg","type":"image\/jpeg"}],"twitter_card":"summary_large_image","twitter_misc":{"Tiempo de lectura":"3 minutos"},"schema":{"@context":"https:\/\/schema.org","@graph":[{"@type":"WebPage","@id":"https:\/\/www.madera21.cl\/concursos\/convocatorias\/concurso-de-arquitectura-2023\/","url":"https:\/\/www.madera21.cl\/concursos\/convocatorias\/concurso-de-arquitectura-2023\/","name":"Concurso de Arquitectura 2023 - concursos","isPartOf":{"@id":"https:\/\/www.madera21.cl\/concursos\/#website"},"primaryImageOfPage":{"@id":"https:\/\/www.madera21.cl\/concursos\/convocatorias\/concurso-de-arquitectura-2023\/#primaryimage"},"image":{"@id":"https:\/\/www.madera21.cl\/concursos\/convocatorias\/concurso-de-arquitectura-2023\/#primaryimage"},"thumbnailUrl":"https:\/\/www.madera21.cl\/concursos\/wp-content\/uploads\/sites\/2\/2023\/03\/Header-Arq-2023.jpg","datePublished":"2023-03-09T14:37:15+00:00","dateModified":"2026-03-10T00:39:18+00:00","breadcrumb":{"@id":"https:\/\/www.madera21.cl\/concursos\/convocatorias\/concurso-de-arquitectura-2023\/#breadcrumb"},"inLanguage":"es","potentialAction":[{"@type":"ReadAction","target":["https:\/\/www.madera21.cl\/concursos\/convocatorias\/concurso-de-arquitectura-2023\/"]}]},{"@type":"ImageObject","inLanguage":"es","@id":"https:\/\/www.madera21.cl\/concursos\/convocatorias\/concurso-de-arquitectura-2023\/#primaryimage","url":"https:\/\/www.madera21.cl\/concursos\/wp-content\/uploads\/sites\/2\/2023\/03\/Header-Arq-2023.jpg","contentUrl":"https:\/\/www.madera21.cl\/concursos\/wp-content\/uploads\/sites\/2\/2023\/03\/Header-Arq-2023.jpg","width":1365,"height":274},{"@type":"BreadcrumbList","@id":"https:\/\/www.madera21.cl\/concursos\/convocatorias\/concurso-de-arquitectura-2023\/#breadcrumb","itemListElement":[{"@type":"ListItem","position":1,"name":"Portada","item":"https:\/\/www.madera21.cl\/concursos\/"},{"@type":"ListItem","position":2,"name":"Convocatorias","item":"https:\/\/www.madera21.cl\/concursos\/convocatorias\/"},{"@type":"ListItem","position":3,"name":"Concurso de Arquitectura 2023"}]},{"@type":"WebSite","@id":"https:\/\/www.madera21.cl\/concursos\/#website","url":"https:\/\/www.madera21.cl\/concursos\/","name":"concursos","description":"","publisher":{"@id":"https:\/\/www.madera21.cl\/concursos\/#organization"},"potentialAction":[{"@type":"SearchAction","target":{"@type":"EntryPoint","urlTemplate":"https:\/\/www.madera21.cl\/concursos\/?s={search_term_string}"},"query-input":{"@type":"PropertyValueSpecification","valueRequired":true,"valueName":"search_term_string"}}],"inLanguage":"es"},{"@type":"Organization","@id":"https:\/\/www.madera21.cl\/concursos\/#organization","name":"concursos","url":"https:\/\/www.madera21.cl\/concursos\/","logo":{"@type":"ImageObject","inLanguage":"es","@id":"https:\/\/www.madera21.cl\/concursos\/#\/schema\/logo\/image\/","url":"https:\/\/www.madera21.cl\/concursos\/wp-content\/uploads\/sites\/2\/2024\/10\/Logo_concursos.svg","contentUrl":"https:\/\/www.madera21.cl\/concursos\/wp-content\/uploads\/sites\/2\/2024\/10\/Logo_concursos.svg","width":249,"height":44,"caption":"concursos"},"image":{"@id":"https:\/\/www.madera21.cl\/concursos\/#\/schema\/logo\/image\/"}}]}},"_links":{"self":[{"href":"https:\/\/www.madera21.cl\/concursos\/wp-json\/wp\/v2\/convocatorias\/6889","targetHints":{"allow":["GET"]}}],"collection":[{"href":"https:\/\/www.madera21.cl\/concursos\/wp-json\/wp\/v2\/convocatorias"}],"about":[{"href":"https:\/\/www.madera21.cl\/concursos\/wp-json\/wp\/v2\/types\/convocatorias"}],"wp:featuredmedia":[{"embeddable":true,"href":"https:\/\/www.madera21.cl\/concursos\/wp-json\/wp\/v2\/media\/7037"}],"wp:attachment":[{"href":"https:\/\/www.madera21.cl\/concursos\/wp-json\/wp\/v2\/media?parent=6889"}],"wp:term":[{"taxonomy":"anos","embeddable":true,"href":"https:\/\/www.madera21.cl\/concursos\/wp-json\/wp\/v2\/anos?post=6889"},{"taxonomy":"tipo","embeddable":true,"href":"https:\/\/www.madera21.cl\/concursos\/wp-json\/wp\/v2\/tipo?post=6889"}],"curies":[{"name":"wp","href":"https:\/\/api.w.org\/{rel}","templated":true}]}}