
{"id":6927,"date":"2020-03-09T12:23:19","date_gmt":"2020-03-09T15:23:19","guid":{"rendered":"https:\/\/www.madera21.cl\/concursos\/?post_type=convocatorias&#038;p=6927"},"modified":"2026-03-09T21:48:16","modified_gmt":"2026-03-10T00:48:16","slug":"concurso-de-arquitectura-2020","status":"publish","type":"convocatorias","link":"https:\/\/www.madera21.cl\/concursos\/convocatorias\/concurso-de-arquitectura-2020\/","title":{"rendered":"Concurso de Arquitectura 2020"},"content":{"rendered":"<p><strong>Nuevos espacios educativos para Formaci\u00f3n T\u00e9cnica<\/strong><\/p>\n<blockquote><p><span style=\"color: #9c3bcc;\">Dada la contingencia sanitaria este 2021 se mantiene la entrega en formato 100% digital<\/span><\/p><\/blockquote>\n<p>Madera 21 es una asociaci\u00f3n de Corma (Corporaci\u00f3n Chilena de la Madera) que est\u00e1 compuesta por diferentes actores, cuyo inter\u00e9s se encuentra en fomentar el uso de la madera en las \u00e1reas de la arquitectura, dise\u00f1o, ingenier\u00eda, construcci\u00f3n e innovaci\u00f3n y en transferir los conocimientos y tecnolog\u00eda necesarios para hacerlo.<\/p>\n<p>En este contexto y con el objetivo de involucrar estudiantes de arquitectura en el conocimiento y uso de la madera, Madera 21 crea el a\u00f1o 2006 el primer concurso de arquitectura Madera21-Corma.<\/p>\n<p>El Concurso de Arquitectura 2020 enlista su XV Versi\u00f3n, y busca estudiar e investigar la arquitectura y el espacio proyectado como herramienta clave para el desarrollo del pensamiento en la Educaci\u00f3n T\u00e9cnica, por eso este a\u00f1o su tema principal es\u00a0\u00a0<strong><em>Nuevos espacios educativos para Formaci\u00f3n T\u00e9cnica.<\/em><\/strong><\/p>\n<p><strong>Los objetivos generales del concurso son:<\/strong><\/p>\n<ul>\n<li>Reconocer en la arquitectura una disciplina fundamental para el fomento y la utilizaci\u00f3n de la madera, como herramienta para mejorar la habitabilidad y sustentabilidad de los proyectos arquitect\u00f3nicos.<\/li>\n<li>Promover el trabajo en equipo de profesores y estudiantes, incentivando la excelencia e innovaci\u00f3n, a trav\u00e9s de la investigaci\u00f3n y la aplicaci\u00f3n de estos conceptos en el proyecto.<\/li>\n<li>Promover e incentivar en los estudiantes el conocimiento de la madera, de sus propiedades y atributos, aplicando as\u00ed este conocimiento para el dise\u00f1o adecuado e innovador de proyectos arquitect\u00f3nicos.<\/li>\n<li>Fomentar la investigaci\u00f3n aplicada, la innovaci\u00f3n y aplicaci\u00f3n de nuevas tecnolog\u00edas en madera.<\/li>\n<li>Estimular la creatividad en los estudiantes, visualizando el material en todo su espectro de posibilidades.<\/li>\n<li>Promover el trabajo de profesionales y futuros profesionales con la madera, potenciando a Chile como un pa\u00eds destacado en el dise\u00f1o y construcci\u00f3n con productos de calidad y con tecnolog\u00edas innovadoras en madera.<\/li>\n<\/ul>\n<div class=\"likebtn_container\" style=\"\"><!-- LikeBtn.com BEGIN --><span class=\"likebtn-wrapper\"  data-identifier=\"convocatorias_6927\"  data-site_id=\"58d98cec943ec9601191557b\"  data-lang=\"es\"  data-style=\"\"  data-unlike_allowed=\"\"  data-show_copyright=\"\"  data-item_url=\"https:\/\/www.madera21.cl\/concursos\/convocatorias\/concurso-de-arquitectura-2020\/\"  data-item_title=\"Concurso de Arquitectura 2020\"  data-item_image=\"https:\/\/www.madera21.cl\/concursos\/wp-content\/uploads\/sites\/2\/2020\/03\/Header-Arq-2020-1024x206.jpg\"  data-item_date=\"2020-03-09T12:23:19-03:00\"  data-engine=\"WordPress\"  data-plugin_v=\"2.6.59\"  data-prx=\"https:\/\/www.madera21.cl\/concursos\/wp-admin\/admin-ajax.php?action=likebtn_prx\"  data-event_handler=\"likebtn_eh\" ><\/span><!-- LikeBtn.com END --><\/div>","protected":false},"featured_media":7053,"template":"","meta":{"_acf_changed":false},"anos":[403],"tipo":[393],"class_list":["post-6927","convocatorias","type-convocatorias","status-publish","has-post-thumbnail","hentry","anos-403","tipo-arquitectura"],"acf":[],"yoast_head":"<!-- This site is optimized with the Yoast SEO plugin v27.5 - https:\/\/yoast.com\/product\/yoast-seo-wordpress\/ -->\n<title>Concurso de Arquitectura 2020 - concursos<\/title>\n<meta name=\"robots\" content=\"index, follow, max-snippet:-1, max-image-preview:large, max-video-preview:-1\" \/>\n<link rel=\"canonical\" href=\"https:\/\/www.madera21.cl\/concursos\/convocatorias\/concurso-de-arquitectura-2020\/\" \/>\n<meta property=\"og:locale\" content=\"es_ES\" \/>\n<meta property=\"og:type\" content=\"article\" \/>\n<meta property=\"og:title\" content=\"Concurso de Arquitectura 2020 - concursos\" \/>\n<meta property=\"og:description\" content=\"Nuevos espacios educativos para Formaci\u00f3n T\u00e9cnica Dada la contingencia sanitaria este 2021 se mantiene la entrega en formato 100% digital Madera 21 es una asociaci\u00f3n de Corma (Corporaci\u00f3n Chilena de la Madera) que est\u00e1 compuesta por diferentes actores, cuyo inter\u00e9s se encuentra en fomentar el uso de la madera en las \u00e1reas de la arquitectura, [&hellip;]\" \/>\n<meta property=\"og:url\" content=\"https:\/\/www.madera21.cl\/concursos\/convocatorias\/concurso-de-arquitectura-2020\/\" \/>\n<meta property=\"og:site_name\" content=\"concursos\" \/>\n<meta property=\"article:modified_time\" content=\"2026-03-10T00:48:16+00:00\" \/>\n<meta property=\"og:image\" content=\"http:\/\/www.madera21.cl\/concursos\/wp-content\/uploads\/sites\/2\/2020\/03\/Header-Arq-2020.jpg\" \/>\n\t<meta property=\"og:image:width\" content=\"1365\" \/>\n\t<meta property=\"og:image:height\" content=\"274\" \/>\n\t<meta property=\"og:image:type\" content=\"image\/jpeg\" \/>\n<meta name=\"twitter:card\" content=\"summary_large_image\" \/>\n<meta name=\"twitter:label1\" content=\"Tiempo de lectura\" \/>\n\t<meta name=\"twitter:data1\" content=\"2 minutos\" \/>\n<script type=\"application\/ld+json\" class=\"yoast-schema-graph\">{\"@context\":\"https:\\\/\\\/schema.org\",\"@graph\":[{\"@type\":\"WebPage\",\"@id\":\"https:\\\/\\\/www.madera21.cl\\\/concursos\\\/convocatorias\\\/concurso-de-arquitectura-2020\\\/\",\"url\":\"https:\\\/\\\/www.madera21.cl\\\/concursos\\\/convocatorias\\\/concurso-de-arquitectura-2020\\\/\",\"name\":\"Concurso de Arquitectura 2020 - concursos\",\"isPartOf\":{\"@id\":\"https:\\\/\\\/www.madera21.cl\\\/concursos\\\/#website\"},\"primaryImageOfPage\":{\"@id\":\"https:\\\/\\\/www.madera21.cl\\\/concursos\\\/convocatorias\\\/concurso-de-arquitectura-2020\\\/#primaryimage\"},\"image\":{\"@id\":\"https:\\\/\\\/www.madera21.cl\\\/concursos\\\/convocatorias\\\/concurso-de-arquitectura-2020\\\/#primaryimage\"},\"thumbnailUrl\":\"https:\\\/\\\/www.madera21.cl\\\/concursos\\\/wp-content\\\/uploads\\\/sites\\\/2\\\/2020\\\/03\\\/Header-Arq-2020.jpg\",\"datePublished\":\"2020-03-09T15:23:19+00:00\",\"dateModified\":\"2026-03-10T00:48:16+00:00\",\"breadcrumb\":{\"@id\":\"https:\\\/\\\/www.madera21.cl\\\/concursos\\\/convocatorias\\\/concurso-de-arquitectura-2020\\\/#breadcrumb\"},\"inLanguage\":\"es\",\"potentialAction\":[{\"@type\":\"ReadAction\",\"target\":[\"https:\\\/\\\/www.madera21.cl\\\/concursos\\\/convocatorias\\\/concurso-de-arquitectura-2020\\\/\"]}]},{\"@type\":\"ImageObject\",\"inLanguage\":\"es\",\"@id\":\"https:\\\/\\\/www.madera21.cl\\\/concursos\\\/convocatorias\\\/concurso-de-arquitectura-2020\\\/#primaryimage\",\"url\":\"https:\\\/\\\/www.madera21.cl\\\/concursos\\\/wp-content\\\/uploads\\\/sites\\\/2\\\/2020\\\/03\\\/Header-Arq-2020.jpg\",\"contentUrl\":\"https:\\\/\\\/www.madera21.cl\\\/concursos\\\/wp-content\\\/uploads\\\/sites\\\/2\\\/2020\\\/03\\\/Header-Arq-2020.jpg\",\"width\":1365,\"height\":274},{\"@type\":\"BreadcrumbList\",\"@id\":\"https:\\\/\\\/www.madera21.cl\\\/concursos\\\/convocatorias\\\/concurso-de-arquitectura-2020\\\/#breadcrumb\",\"itemListElement\":[{\"@type\":\"ListItem\",\"position\":1,\"name\":\"Portada\",\"item\":\"https:\\\/\\\/www.madera21.cl\\\/concursos\\\/\"},{\"@type\":\"ListItem\",\"position\":2,\"name\":\"Convocatorias\",\"item\":\"https:\\\/\\\/www.madera21.cl\\\/concursos\\\/convocatorias\\\/\"},{\"@type\":\"ListItem\",\"position\":3,\"name\":\"Concurso de Arquitectura 2020\"}]},{\"@type\":\"WebSite\",\"@id\":\"https:\\\/\\\/www.madera21.cl\\\/concursos\\\/#website\",\"url\":\"https:\\\/\\\/www.madera21.cl\\\/concursos\\\/\",\"name\":\"concursos\",\"description\":\"\",\"publisher\":{\"@id\":\"https:\\\/\\\/www.madera21.cl\\\/concursos\\\/#organization\"},\"potentialAction\":[{\"@type\":\"SearchAction\",\"target\":{\"@type\":\"EntryPoint\",\"urlTemplate\":\"https:\\\/\\\/www.madera21.cl\\\/concursos\\\/?s={search_term_string}\"},\"query-input\":{\"@type\":\"PropertyValueSpecification\",\"valueRequired\":true,\"valueName\":\"search_term_string\"}}],\"inLanguage\":\"es\"},{\"@type\":\"Organization\",\"@id\":\"https:\\\/\\\/www.madera21.cl\\\/concursos\\\/#organization\",\"name\":\"concursos\",\"url\":\"https:\\\/\\\/www.madera21.cl\\\/concursos\\\/\",\"logo\":{\"@type\":\"ImageObject\",\"inLanguage\":\"es\",\"@id\":\"https:\\\/\\\/www.madera21.cl\\\/concursos\\\/#\\\/schema\\\/logo\\\/image\\\/\",\"url\":\"https:\\\/\\\/www.madera21.cl\\\/concursos\\\/wp-content\\\/uploads\\\/sites\\\/2\\\/2024\\\/10\\\/Logo_concursos.svg\",\"contentUrl\":\"https:\\\/\\\/www.madera21.cl\\\/concursos\\\/wp-content\\\/uploads\\\/sites\\\/2\\\/2024\\\/10\\\/Logo_concursos.svg\",\"width\":249,\"height\":44,\"caption\":\"concursos\"},\"image\":{\"@id\":\"https:\\\/\\\/www.madera21.cl\\\/concursos\\\/#\\\/schema\\\/logo\\\/image\\\/\"}}]}<\/script>\n<!-- \/ Yoast SEO plugin. -->","yoast_head_json":{"title":"Concurso de Arquitectura 2020 - concursos","robots":{"index":"index","follow":"follow","max-snippet":"max-snippet:-1","max-image-preview":"max-image-preview:large","max-video-preview":"max-video-preview:-1"},"canonical":"https:\/\/www.madera21.cl\/concursos\/convocatorias\/concurso-de-arquitectura-2020\/","og_locale":"es_ES","og_type":"article","og_title":"Concurso de Arquitectura 2020 - concursos","og_description":"Nuevos espacios educativos para Formaci\u00f3n T\u00e9cnica Dada la contingencia sanitaria este 2021 se mantiene la entrega en formato 100% digital Madera 21 es una asociaci\u00f3n de Corma (Corporaci\u00f3n Chilena de la Madera) que est\u00e1 compuesta por diferentes actores, cuyo inter\u00e9s se encuentra en fomentar el uso de la madera en las \u00e1reas de la arquitectura, [&hellip;]","og_url":"https:\/\/www.madera21.cl\/concursos\/convocatorias\/concurso-de-arquitectura-2020\/","og_site_name":"concursos","article_modified_time":"2026-03-10T00:48:16+00:00","og_image":[{"width":1365,"height":274,"url":"http:\/\/www.madera21.cl\/concursos\/wp-content\/uploads\/sites\/2\/2020\/03\/Header-Arq-2020.jpg","type":"image\/jpeg"}],"twitter_card":"summary_large_image","twitter_misc":{"Tiempo de lectura":"2 minutos"},"schema":{"@context":"https:\/\/schema.org","@graph":[{"@type":"WebPage","@id":"https:\/\/www.madera21.cl\/concursos\/convocatorias\/concurso-de-arquitectura-2020\/","url":"https:\/\/www.madera21.cl\/concursos\/convocatorias\/concurso-de-arquitectura-2020\/","name":"Concurso de Arquitectura 2020 - concursos","isPartOf":{"@id":"https:\/\/www.madera21.cl\/concursos\/#website"},"primaryImageOfPage":{"@id":"https:\/\/www.madera21.cl\/concursos\/convocatorias\/concurso-de-arquitectura-2020\/#primaryimage"},"image":{"@id":"https:\/\/www.madera21.cl\/concursos\/convocatorias\/concurso-de-arquitectura-2020\/#primaryimage"},"thumbnailUrl":"https:\/\/www.madera21.cl\/concursos\/wp-content\/uploads\/sites\/2\/2020\/03\/Header-Arq-2020.jpg","datePublished":"2020-03-09T15:23:19+00:00","dateModified":"2026-03-10T00:48:16+00:00","breadcrumb":{"@id":"https:\/\/www.madera21.cl\/concursos\/convocatorias\/concurso-de-arquitectura-2020\/#breadcrumb"},"inLanguage":"es","potentialAction":[{"@type":"ReadAction","target":["https:\/\/www.madera21.cl\/concursos\/convocatorias\/concurso-de-arquitectura-2020\/"]}]},{"@type":"ImageObject","inLanguage":"es","@id":"https:\/\/www.madera21.cl\/concursos\/convocatorias\/concurso-de-arquitectura-2020\/#primaryimage","url":"https:\/\/www.madera21.cl\/concursos\/wp-content\/uploads\/sites\/2\/2020\/03\/Header-Arq-2020.jpg","contentUrl":"https:\/\/www.madera21.cl\/concursos\/wp-content\/uploads\/sites\/2\/2020\/03\/Header-Arq-2020.jpg","width":1365,"height":274},{"@type":"BreadcrumbList","@id":"https:\/\/www.madera21.cl\/concursos\/convocatorias\/concurso-de-arquitectura-2020\/#breadcrumb","itemListElement":[{"@type":"ListItem","position":1,"name":"Portada","item":"https:\/\/www.madera21.cl\/concursos\/"},{"@type":"ListItem","position":2,"name":"Convocatorias","item":"https:\/\/www.madera21.cl\/concursos\/convocatorias\/"},{"@type":"ListItem","position":3,"name":"Concurso de Arquitectura 2020"}]},{"@type":"WebSite","@id":"https:\/\/www.madera21.cl\/concursos\/#website","url":"https:\/\/www.madera21.cl\/concursos\/","name":"concursos","description":"","publisher":{"@id":"https:\/\/www.madera21.cl\/concursos\/#organization"},"potentialAction":[{"@type":"SearchAction","target":{"@type":"EntryPoint","urlTemplate":"https:\/\/www.madera21.cl\/concursos\/?s={search_term_string}"},"query-input":{"@type":"PropertyValueSpecification","valueRequired":true,"valueName":"search_term_string"}}],"inLanguage":"es"},{"@type":"Organization","@id":"https:\/\/www.madera21.cl\/concursos\/#organization","name":"concursos","url":"https:\/\/www.madera21.cl\/concursos\/","logo":{"@type":"ImageObject","inLanguage":"es","@id":"https:\/\/www.madera21.cl\/concursos\/#\/schema\/logo\/image\/","url":"https:\/\/www.madera21.cl\/concursos\/wp-content\/uploads\/sites\/2\/2024\/10\/Logo_concursos.svg","contentUrl":"https:\/\/www.madera21.cl\/concursos\/wp-content\/uploads\/sites\/2\/2024\/10\/Logo_concursos.svg","width":249,"height":44,"caption":"concursos"},"image":{"@id":"https:\/\/www.madera21.cl\/concursos\/#\/schema\/logo\/image\/"}}]}},"_links":{"self":[{"href":"https:\/\/www.madera21.cl\/concursos\/wp-json\/wp\/v2\/convocatorias\/6927","targetHints":{"allow":["GET"]}}],"collection":[{"href":"https:\/\/www.madera21.cl\/concursos\/wp-json\/wp\/v2\/convocatorias"}],"about":[{"href":"https:\/\/www.madera21.cl\/concursos\/wp-json\/wp\/v2\/types\/convocatorias"}],"wp:featuredmedia":[{"embeddable":true,"href":"https:\/\/www.madera21.cl\/concursos\/wp-json\/wp\/v2\/media\/7053"}],"wp:attachment":[{"href":"https:\/\/www.madera21.cl\/concursos\/wp-json\/wp\/v2\/media?parent=6927"}],"wp:term":[{"taxonomy":"anos","embeddable":true,"href":"https:\/\/www.madera21.cl\/concursos\/wp-json\/wp\/v2\/anos?post=6927"},{"taxonomy":"tipo","embeddable":true,"href":"https:\/\/www.madera21.cl\/concursos\/wp-json\/wp\/v2\/tipo?post=6927"}],"curies":[{"name":"wp","href":"https:\/\/api.w.org\/{rel}","templated":true}]}}