
{"id":6953,"date":"2019-03-09T13:09:29","date_gmt":"2019-03-09T16:09:29","guid":{"rendered":"https:\/\/www.madera21.cl\/concursos\/?post_type=convocatorias&#038;p=6953"},"modified":"2026-03-09T21:50:59","modified_gmt":"2026-03-10T00:50:59","slug":"concurso-de-ingenieria-2019","status":"publish","type":"convocatorias","link":"https:\/\/www.madera21.cl\/concursos\/convocatorias\/concurso-de-ingenieria-2019\/","title":{"rendered":"Concurso de Ingenier\u00eda 2019"},"content":{"rendered":"<p>Madera 21 es una asociaci\u00f3n fundada en Corma (Corporaci\u00f3n Chilena de la Madera), la cual est\u00e1 compuesta por diferentes actores, cuyo inter\u00e9s se encuentra en fomentar el uso de la madera en las \u00e1reas de la arquitectura, dise\u00f1o, ingenier\u00eda e innovaci\u00f3n y en transferir los conocimientos y tecnolog\u00eda necesarios para hacerlo.<\/p>\n<p>En este contexto y con el objetivo de destacar a aquellos alumnos de las carreras de ingenier\u00eda (civil, industrial, bioqu\u00edmica, forestal y afines) y construcci\u00f3n civil (Pregrado o Mag\u00edster) que hayan desarrollado o se encuentren desarrollando memorias de t\u00edtulo, proyectos de t\u00edtulo, investigaciones o patentes en torno a la madera, subproductos o aplicaciones; Madera 21 de Corma crea el a\u00f1o 2014 el primer concurso de Ingenier\u00eda y Construcci\u00f3n en madera, sum\u00e1ndose a los concursos existentes en las \u00e1reas de arquitectura, dise\u00f1o e innovaci\u00f3n.<\/p>\n<div class=\"likebtn_container\" style=\"\"><!-- LikeBtn.com BEGIN --><span class=\"likebtn-wrapper\"  data-identifier=\"convocatorias_6953\"  data-site_id=\"58d98cec943ec9601191557b\"  data-lang=\"es\"  data-style=\"\"  data-unlike_allowed=\"\"  data-show_copyright=\"\"  data-item_url=\"https:\/\/www.madera21.cl\/concursos\/convocatorias\/concurso-de-ingenieria-2019\/\"  data-item_title=\"Concurso de Ingenier\u00eda 2019\"  data-item_image=\"https:\/\/www.madera21.cl\/concursos\/wp-content\/uploads\/sites\/2\/2019\/03\/Header-InG-2019-1024x206.jpg\"  data-item_date=\"2019-03-09T13:09:29-03:00\"  data-engine=\"WordPress\"  data-plugin_v=\"2.6.59\"  data-prx=\"https:\/\/www.madera21.cl\/concursos\/wp-admin\/admin-ajax.php?action=likebtn_prx\"  data-event_handler=\"likebtn_eh\" ><\/span><!-- LikeBtn.com END --><\/div>","protected":false},"featured_media":7064,"template":"","meta":{"_acf_changed":false},"anos":[438],"tipo":[390],"class_list":["post-6953","convocatorias","type-convocatorias","status-publish","has-post-thumbnail","hentry","anos-438","tipo-ingenieria-y-construccion"],"acf":[],"yoast_head":"<!-- This site is optimized with the Yoast SEO plugin v27.5 - https:\/\/yoast.com\/product\/yoast-seo-wordpress\/ -->\n<title>Concurso de Ingenier\u00eda 2019 - concursos<\/title>\n<meta name=\"robots\" content=\"index, follow, max-snippet:-1, max-image-preview:large, max-video-preview:-1\" \/>\n<link rel=\"canonical\" href=\"https:\/\/www.madera21.cl\/concursos\/convocatorias\/concurso-de-ingenieria-2019\/\" \/>\n<meta property=\"og:locale\" content=\"es_ES\" \/>\n<meta property=\"og:type\" content=\"article\" \/>\n<meta property=\"og:title\" content=\"Concurso de Ingenier\u00eda 2019 - concursos\" \/>\n<meta property=\"og:description\" content=\"Madera 21 es una asociaci\u00f3n fundada en Corma (Corporaci\u00f3n Chilena de la Madera), la cual est\u00e1 compuesta por diferentes actores, cuyo inter\u00e9s se encuentra en fomentar el uso de la madera en las \u00e1reas de la arquitectura, dise\u00f1o, ingenier\u00eda e innovaci\u00f3n y en transferir los conocimientos y tecnolog\u00eda necesarios para hacerlo. En este contexto y [&hellip;]\" \/>\n<meta property=\"og:url\" content=\"https:\/\/www.madera21.cl\/concursos\/convocatorias\/concurso-de-ingenieria-2019\/\" \/>\n<meta property=\"og:site_name\" content=\"concursos\" \/>\n<meta property=\"article:modified_time\" content=\"2026-03-10T00:50:59+00:00\" \/>\n<meta property=\"og:image\" content=\"http:\/\/www.madera21.cl\/concursos\/wp-content\/uploads\/sites\/2\/2019\/03\/Header-InG-2019.jpg\" \/>\n\t<meta property=\"og:image:width\" content=\"1365\" \/>\n\t<meta property=\"og:image:height\" content=\"274\" \/>\n\t<meta property=\"og:image:type\" content=\"image\/jpeg\" \/>\n<meta name=\"twitter:card\" content=\"summary_large_image\" \/>\n<meta name=\"twitter:label1\" content=\"Tiempo de lectura\" \/>\n\t<meta name=\"twitter:data1\" content=\"1 minuto\" \/>\n<script type=\"application\/ld+json\" class=\"yoast-schema-graph\">{\"@context\":\"https:\\\/\\\/schema.org\",\"@graph\":[{\"@type\":\"WebPage\",\"@id\":\"https:\\\/\\\/www.madera21.cl\\\/concursos\\\/convocatorias\\\/concurso-de-ingenieria-2019\\\/\",\"url\":\"https:\\\/\\\/www.madera21.cl\\\/concursos\\\/convocatorias\\\/concurso-de-ingenieria-2019\\\/\",\"name\":\"Concurso de Ingenier\u00eda 2019 - concursos\",\"isPartOf\":{\"@id\":\"https:\\\/\\\/www.madera21.cl\\\/concursos\\\/#website\"},\"primaryImageOfPage\":{\"@id\":\"https:\\\/\\\/www.madera21.cl\\\/concursos\\\/convocatorias\\\/concurso-de-ingenieria-2019\\\/#primaryimage\"},\"image\":{\"@id\":\"https:\\\/\\\/www.madera21.cl\\\/concursos\\\/convocatorias\\\/concurso-de-ingenieria-2019\\\/#primaryimage\"},\"thumbnailUrl\":\"https:\\\/\\\/www.madera21.cl\\\/concursos\\\/wp-content\\\/uploads\\\/sites\\\/2\\\/2019\\\/03\\\/Header-InG-2019.jpg\",\"datePublished\":\"2019-03-09T16:09:29+00:00\",\"dateModified\":\"2026-03-10T00:50:59+00:00\",\"breadcrumb\":{\"@id\":\"https:\\\/\\\/www.madera21.cl\\\/concursos\\\/convocatorias\\\/concurso-de-ingenieria-2019\\\/#breadcrumb\"},\"inLanguage\":\"es\",\"potentialAction\":[{\"@type\":\"ReadAction\",\"target\":[\"https:\\\/\\\/www.madera21.cl\\\/concursos\\\/convocatorias\\\/concurso-de-ingenieria-2019\\\/\"]}]},{\"@type\":\"ImageObject\",\"inLanguage\":\"es\",\"@id\":\"https:\\\/\\\/www.madera21.cl\\\/concursos\\\/convocatorias\\\/concurso-de-ingenieria-2019\\\/#primaryimage\",\"url\":\"https:\\\/\\\/www.madera21.cl\\\/concursos\\\/wp-content\\\/uploads\\\/sites\\\/2\\\/2019\\\/03\\\/Header-InG-2019.jpg\",\"contentUrl\":\"https:\\\/\\\/www.madera21.cl\\\/concursos\\\/wp-content\\\/uploads\\\/sites\\\/2\\\/2019\\\/03\\\/Header-InG-2019.jpg\",\"width\":1365,\"height\":274},{\"@type\":\"BreadcrumbList\",\"@id\":\"https:\\\/\\\/www.madera21.cl\\\/concursos\\\/convocatorias\\\/concurso-de-ingenieria-2019\\\/#breadcrumb\",\"itemListElement\":[{\"@type\":\"ListItem\",\"position\":1,\"name\":\"Portada\",\"item\":\"https:\\\/\\\/www.madera21.cl\\\/concursos\\\/\"},{\"@type\":\"ListItem\",\"position\":2,\"name\":\"Convocatorias\",\"item\":\"https:\\\/\\\/www.madera21.cl\\\/concursos\\\/convocatorias\\\/\"},{\"@type\":\"ListItem\",\"position\":3,\"name\":\"Concurso de Ingenier\u00eda 2019\"}]},{\"@type\":\"WebSite\",\"@id\":\"https:\\\/\\\/www.madera21.cl\\\/concursos\\\/#website\",\"url\":\"https:\\\/\\\/www.madera21.cl\\\/concursos\\\/\",\"name\":\"concursos\",\"description\":\"\",\"publisher\":{\"@id\":\"https:\\\/\\\/www.madera21.cl\\\/concursos\\\/#organization\"},\"potentialAction\":[{\"@type\":\"SearchAction\",\"target\":{\"@type\":\"EntryPoint\",\"urlTemplate\":\"https:\\\/\\\/www.madera21.cl\\\/concursos\\\/?s={search_term_string}\"},\"query-input\":{\"@type\":\"PropertyValueSpecification\",\"valueRequired\":true,\"valueName\":\"search_term_string\"}}],\"inLanguage\":\"es\"},{\"@type\":\"Organization\",\"@id\":\"https:\\\/\\\/www.madera21.cl\\\/concursos\\\/#organization\",\"name\":\"concursos\",\"url\":\"https:\\\/\\\/www.madera21.cl\\\/concursos\\\/\",\"logo\":{\"@type\":\"ImageObject\",\"inLanguage\":\"es\",\"@id\":\"https:\\\/\\\/www.madera21.cl\\\/concursos\\\/#\\\/schema\\\/logo\\\/image\\\/\",\"url\":\"https:\\\/\\\/www.madera21.cl\\\/concursos\\\/wp-content\\\/uploads\\\/sites\\\/2\\\/2024\\\/10\\\/Logo_concursos.svg\",\"contentUrl\":\"https:\\\/\\\/www.madera21.cl\\\/concursos\\\/wp-content\\\/uploads\\\/sites\\\/2\\\/2024\\\/10\\\/Logo_concursos.svg\",\"width\":249,\"height\":44,\"caption\":\"concursos\"},\"image\":{\"@id\":\"https:\\\/\\\/www.madera21.cl\\\/concursos\\\/#\\\/schema\\\/logo\\\/image\\\/\"}}]}<\/script>\n<!-- \/ Yoast SEO plugin. -->","yoast_head_json":{"title":"Concurso de Ingenier\u00eda 2019 - concursos","robots":{"index":"index","follow":"follow","max-snippet":"max-snippet:-1","max-image-preview":"max-image-preview:large","max-video-preview":"max-video-preview:-1"},"canonical":"https:\/\/www.madera21.cl\/concursos\/convocatorias\/concurso-de-ingenieria-2019\/","og_locale":"es_ES","og_type":"article","og_title":"Concurso de Ingenier\u00eda 2019 - concursos","og_description":"Madera 21 es una asociaci\u00f3n fundada en Corma (Corporaci\u00f3n Chilena de la Madera), la cual est\u00e1 compuesta por diferentes actores, cuyo inter\u00e9s se encuentra en fomentar el uso de la madera en las \u00e1reas de la arquitectura, dise\u00f1o, ingenier\u00eda e innovaci\u00f3n y en transferir los conocimientos y tecnolog\u00eda necesarios para hacerlo. En este contexto y [&hellip;]","og_url":"https:\/\/www.madera21.cl\/concursos\/convocatorias\/concurso-de-ingenieria-2019\/","og_site_name":"concursos","article_modified_time":"2026-03-10T00:50:59+00:00","og_image":[{"width":1365,"height":274,"url":"http:\/\/www.madera21.cl\/concursos\/wp-content\/uploads\/sites\/2\/2019\/03\/Header-InG-2019.jpg","type":"image\/jpeg"}],"twitter_card":"summary_large_image","twitter_misc":{"Tiempo de lectura":"1 minuto"},"schema":{"@context":"https:\/\/schema.org","@graph":[{"@type":"WebPage","@id":"https:\/\/www.madera21.cl\/concursos\/convocatorias\/concurso-de-ingenieria-2019\/","url":"https:\/\/www.madera21.cl\/concursos\/convocatorias\/concurso-de-ingenieria-2019\/","name":"Concurso de Ingenier\u00eda 2019 - concursos","isPartOf":{"@id":"https:\/\/www.madera21.cl\/concursos\/#website"},"primaryImageOfPage":{"@id":"https:\/\/www.madera21.cl\/concursos\/convocatorias\/concurso-de-ingenieria-2019\/#primaryimage"},"image":{"@id":"https:\/\/www.madera21.cl\/concursos\/convocatorias\/concurso-de-ingenieria-2019\/#primaryimage"},"thumbnailUrl":"https:\/\/www.madera21.cl\/concursos\/wp-content\/uploads\/sites\/2\/2019\/03\/Header-InG-2019.jpg","datePublished":"2019-03-09T16:09:29+00:00","dateModified":"2026-03-10T00:50:59+00:00","breadcrumb":{"@id":"https:\/\/www.madera21.cl\/concursos\/convocatorias\/concurso-de-ingenieria-2019\/#breadcrumb"},"inLanguage":"es","potentialAction":[{"@type":"ReadAction","target":["https:\/\/www.madera21.cl\/concursos\/convocatorias\/concurso-de-ingenieria-2019\/"]}]},{"@type":"ImageObject","inLanguage":"es","@id":"https:\/\/www.madera21.cl\/concursos\/convocatorias\/concurso-de-ingenieria-2019\/#primaryimage","url":"https:\/\/www.madera21.cl\/concursos\/wp-content\/uploads\/sites\/2\/2019\/03\/Header-InG-2019.jpg","contentUrl":"https:\/\/www.madera21.cl\/concursos\/wp-content\/uploads\/sites\/2\/2019\/03\/Header-InG-2019.jpg","width":1365,"height":274},{"@type":"BreadcrumbList","@id":"https:\/\/www.madera21.cl\/concursos\/convocatorias\/concurso-de-ingenieria-2019\/#breadcrumb","itemListElement":[{"@type":"ListItem","position":1,"name":"Portada","item":"https:\/\/www.madera21.cl\/concursos\/"},{"@type":"ListItem","position":2,"name":"Convocatorias","item":"https:\/\/www.madera21.cl\/concursos\/convocatorias\/"},{"@type":"ListItem","position":3,"name":"Concurso de Ingenier\u00eda 2019"}]},{"@type":"WebSite","@id":"https:\/\/www.madera21.cl\/concursos\/#website","url":"https:\/\/www.madera21.cl\/concursos\/","name":"concursos","description":"","publisher":{"@id":"https:\/\/www.madera21.cl\/concursos\/#organization"},"potentialAction":[{"@type":"SearchAction","target":{"@type":"EntryPoint","urlTemplate":"https:\/\/www.madera21.cl\/concursos\/?s={search_term_string}"},"query-input":{"@type":"PropertyValueSpecification","valueRequired":true,"valueName":"search_term_string"}}],"inLanguage":"es"},{"@type":"Organization","@id":"https:\/\/www.madera21.cl\/concursos\/#organization","name":"concursos","url":"https:\/\/www.madera21.cl\/concursos\/","logo":{"@type":"ImageObject","inLanguage":"es","@id":"https:\/\/www.madera21.cl\/concursos\/#\/schema\/logo\/image\/","url":"https:\/\/www.madera21.cl\/concursos\/wp-content\/uploads\/sites\/2\/2024\/10\/Logo_concursos.svg","contentUrl":"https:\/\/www.madera21.cl\/concursos\/wp-content\/uploads\/sites\/2\/2024\/10\/Logo_concursos.svg","width":249,"height":44,"caption":"concursos"},"image":{"@id":"https:\/\/www.madera21.cl\/concursos\/#\/schema\/logo\/image\/"}}]}},"_links":{"self":[{"href":"https:\/\/www.madera21.cl\/concursos\/wp-json\/wp\/v2\/convocatorias\/6953","targetHints":{"allow":["GET"]}}],"collection":[{"href":"https:\/\/www.madera21.cl\/concursos\/wp-json\/wp\/v2\/convocatorias"}],"about":[{"href":"https:\/\/www.madera21.cl\/concursos\/wp-json\/wp\/v2\/types\/convocatorias"}],"wp:featuredmedia":[{"embeddable":true,"href":"https:\/\/www.madera21.cl\/concursos\/wp-json\/wp\/v2\/media\/7064"}],"wp:attachment":[{"href":"https:\/\/www.madera21.cl\/concursos\/wp-json\/wp\/v2\/media?parent=6953"}],"wp:term":[{"taxonomy":"anos","embeddable":true,"href":"https:\/\/www.madera21.cl\/concursos\/wp-json\/wp\/v2\/anos?post=6953"},{"taxonomy":"tipo","embeddable":true,"href":"https:\/\/www.madera21.cl\/concursos\/wp-json\/wp\/v2\/tipo?post=6953"}],"curies":[{"name":"wp","href":"https:\/\/api.w.org\/{rel}","templated":true}]}}