
{"id":6965,"date":"2018-03-09T13:37:33","date_gmt":"2018-03-09T16:37:33","guid":{"rendered":"https:\/\/www.madera21.cl\/concursos\/?post_type=convocatorias&#038;p=6965"},"modified":"2026-03-09T21:53:59","modified_gmt":"2026-03-10T00:53:59","slug":"concurso-de-arquitectura-2018","status":"publish","type":"convocatorias","link":"https:\/\/www.madera21.cl\/concursos\/convocatorias\/concurso-de-arquitectura-2018\/","title":{"rendered":"Concurso de Arquitectura 2018"},"content":{"rendered":"<p>Madera 21 es una asociaci\u00f3n de Corma (Corporaci\u00f3n Chilena de la Madera) que est\u00e1 compuesta por\u00a0diferentes actores, cuyo inter\u00e9s se encuentra en fomentar el uso de la madera en las \u00e1reas de la arquitectura, dise\u00f1o, ingenier\u00eda, construcci\u00f3n e innovaci\u00f3n y en transferir los conocimientos y tecnolog\u00eda necesarios para hacerlo.<\/p>\n<p>En este contexto y con el objetivo de involucrar estudiantes de arquitectura en el conocimiento y uso de la madera, Madera 21 crea el a\u00f1o 2006 el primer concurso de arquitectura Madera21-Corma.<\/p>\n<p>Esta versi\u00f3n 2018 constituye la XIII Versi\u00f3n del Concurso y est\u00e1 orientada a abordar edificaciones multiprograma y en altura con madera, como material flexible para abordar desaf\u00edos estructurales y para generar distintas condiciones espaciales y morfol\u00f3gicas.<\/p>\n<p><strong>Los objetivos generales del Concurso son:\u00a0<\/strong><\/p>\n<p>\u2022 Reconocer en la arquitectura una herramienta fundamental para la utilizaci\u00f3n de la madera en la habitabilidad, realizando propuestas que constituyan un aporte en la sustentabilidad de los proyectos arquitect\u00f3nicos.<\/p>\n<p>\u2022 Promover el trabajo en equipo de profesores y estudiantes, incentivando la excelencia e innovaci\u00f3n, a trav\u00e9s de la investigaci\u00f3n y la aplicaci\u00f3n de estos conceptos en el proyecto.<\/p>\n<p>\u2022 Promover e incentivar en los estudiantes el conocimiento de la madera y de sus propiedades como sustentabilidad, versatilidad, junto a sus m\u00faltiples beneficios t\u00e9cnicos.<\/p>\n<p>\u2022 Fomentar la investigaci\u00f3n aplicada, innovaci\u00f3n y aplicaci\u00f3n de nuevas tecnolog\u00edas en madera.<\/p>\n<p>\u2022 Estimular la creatividad en los estudiantes, visualizando el material en todo su espectro de posibilidades.<\/p>\n<p>\u2022 Promover el trabajo de profesionales y futuros profesionales con la madera, potenciando a Chile como un pa\u00eds destacado en el dise\u00f1o y construcci\u00f3n con productos de calidad en madera y con tecnolog\u00edas innovadoras.<\/p>\n<div class=\"likebtn_container\" style=\"\"><!-- LikeBtn.com BEGIN --><span class=\"likebtn-wrapper\"  data-identifier=\"convocatorias_6965\"  data-site_id=\"58d98cec943ec9601191557b\"  data-lang=\"es\"  data-style=\"\"  data-unlike_allowed=\"\"  data-show_copyright=\"\"  data-item_url=\"https:\/\/www.madera21.cl\/concursos\/convocatorias\/concurso-de-arquitectura-2018\/\"  data-item_title=\"Concurso de Arquitectura 2018\"  data-item_image=\"https:\/\/www.madera21.cl\/concursos\/wp-content\/uploads\/sites\/2\/2018\/03\/Header-Arq-2018-1024x206.jpg\"  data-item_date=\"2018-03-09T13:37:33-03:00\"  data-engine=\"WordPress\"  data-plugin_v=\"2.6.59\"  data-prx=\"https:\/\/www.madera21.cl\/concursos\/wp-admin\/admin-ajax.php?action=likebtn_prx\"  data-event_handler=\"likebtn_eh\" ><\/span><!-- LikeBtn.com END --><\/div>","protected":false},"featured_media":7068,"template":"","meta":{"_acf_changed":false},"anos":[439],"tipo":[393],"class_list":["post-6965","convocatorias","type-convocatorias","status-publish","has-post-thumbnail","hentry","anos-439","tipo-arquitectura"],"acf":[],"yoast_head":"<!-- This site is optimized with the Yoast SEO plugin v27.5 - https:\/\/yoast.com\/product\/yoast-seo-wordpress\/ -->\n<title>Concurso de Arquitectura 2018 - concursos<\/title>\n<meta name=\"robots\" content=\"index, follow, max-snippet:-1, max-image-preview:large, max-video-preview:-1\" \/>\n<link rel=\"canonical\" href=\"https:\/\/www.madera21.cl\/concursos\/convocatorias\/concurso-de-arquitectura-2018\/\" \/>\n<meta property=\"og:locale\" content=\"es_ES\" \/>\n<meta property=\"og:type\" content=\"article\" \/>\n<meta property=\"og:title\" content=\"Concurso de Arquitectura 2018 - concursos\" \/>\n<meta property=\"og:description\" content=\"Madera 21 es una asociaci\u00f3n de Corma (Corporaci\u00f3n Chilena de la Madera) que est\u00e1 compuesta por\u00a0diferentes actores, cuyo inter\u00e9s se encuentra en fomentar el uso de la madera en las \u00e1reas de la arquitectura, dise\u00f1o, ingenier\u00eda, construcci\u00f3n e innovaci\u00f3n y en transferir los conocimientos y tecnolog\u00eda necesarios para hacerlo. En este contexto y con el [&hellip;]\" \/>\n<meta property=\"og:url\" content=\"https:\/\/www.madera21.cl\/concursos\/convocatorias\/concurso-de-arquitectura-2018\/\" \/>\n<meta property=\"og:site_name\" content=\"concursos\" \/>\n<meta property=\"article:modified_time\" content=\"2026-03-10T00:53:59+00:00\" \/>\n<meta property=\"og:image\" content=\"http:\/\/www.madera21.cl\/concursos\/wp-content\/uploads\/sites\/2\/2018\/03\/Header-Arq-2018.jpg\" \/>\n\t<meta property=\"og:image:width\" content=\"1365\" \/>\n\t<meta property=\"og:image:height\" content=\"274\" \/>\n\t<meta property=\"og:image:type\" content=\"image\/jpeg\" \/>\n<meta name=\"twitter:card\" content=\"summary_large_image\" \/>\n<meta name=\"twitter:label1\" content=\"Tiempo de lectura\" \/>\n\t<meta name=\"twitter:data1\" content=\"2 minutos\" \/>\n<script type=\"application\/ld+json\" class=\"yoast-schema-graph\">{\"@context\":\"https:\\\/\\\/schema.org\",\"@graph\":[{\"@type\":\"WebPage\",\"@id\":\"https:\\\/\\\/www.madera21.cl\\\/concursos\\\/convocatorias\\\/concurso-de-arquitectura-2018\\\/\",\"url\":\"https:\\\/\\\/www.madera21.cl\\\/concursos\\\/convocatorias\\\/concurso-de-arquitectura-2018\\\/\",\"name\":\"Concurso de Arquitectura 2018 - concursos\",\"isPartOf\":{\"@id\":\"https:\\\/\\\/www.madera21.cl\\\/concursos\\\/#website\"},\"primaryImageOfPage\":{\"@id\":\"https:\\\/\\\/www.madera21.cl\\\/concursos\\\/convocatorias\\\/concurso-de-arquitectura-2018\\\/#primaryimage\"},\"image\":{\"@id\":\"https:\\\/\\\/www.madera21.cl\\\/concursos\\\/convocatorias\\\/concurso-de-arquitectura-2018\\\/#primaryimage\"},\"thumbnailUrl\":\"https:\\\/\\\/www.madera21.cl\\\/concursos\\\/wp-content\\\/uploads\\\/sites\\\/2\\\/2018\\\/03\\\/Header-Arq-2018.jpg\",\"datePublished\":\"2018-03-09T16:37:33+00:00\",\"dateModified\":\"2026-03-10T00:53:59+00:00\",\"breadcrumb\":{\"@id\":\"https:\\\/\\\/www.madera21.cl\\\/concursos\\\/convocatorias\\\/concurso-de-arquitectura-2018\\\/#breadcrumb\"},\"inLanguage\":\"es\",\"potentialAction\":[{\"@type\":\"ReadAction\",\"target\":[\"https:\\\/\\\/www.madera21.cl\\\/concursos\\\/convocatorias\\\/concurso-de-arquitectura-2018\\\/\"]}]},{\"@type\":\"ImageObject\",\"inLanguage\":\"es\",\"@id\":\"https:\\\/\\\/www.madera21.cl\\\/concursos\\\/convocatorias\\\/concurso-de-arquitectura-2018\\\/#primaryimage\",\"url\":\"https:\\\/\\\/www.madera21.cl\\\/concursos\\\/wp-content\\\/uploads\\\/sites\\\/2\\\/2018\\\/03\\\/Header-Arq-2018.jpg\",\"contentUrl\":\"https:\\\/\\\/www.madera21.cl\\\/concursos\\\/wp-content\\\/uploads\\\/sites\\\/2\\\/2018\\\/03\\\/Header-Arq-2018.jpg\",\"width\":1365,\"height\":274},{\"@type\":\"BreadcrumbList\",\"@id\":\"https:\\\/\\\/www.madera21.cl\\\/concursos\\\/convocatorias\\\/concurso-de-arquitectura-2018\\\/#breadcrumb\",\"itemListElement\":[{\"@type\":\"ListItem\",\"position\":1,\"name\":\"Portada\",\"item\":\"https:\\\/\\\/www.madera21.cl\\\/concursos\\\/\"},{\"@type\":\"ListItem\",\"position\":2,\"name\":\"Convocatorias\",\"item\":\"https:\\\/\\\/www.madera21.cl\\\/concursos\\\/convocatorias\\\/\"},{\"@type\":\"ListItem\",\"position\":3,\"name\":\"Concurso de Arquitectura 2018\"}]},{\"@type\":\"WebSite\",\"@id\":\"https:\\\/\\\/www.madera21.cl\\\/concursos\\\/#website\",\"url\":\"https:\\\/\\\/www.madera21.cl\\\/concursos\\\/\",\"name\":\"concursos\",\"description\":\"\",\"publisher\":{\"@id\":\"https:\\\/\\\/www.madera21.cl\\\/concursos\\\/#organization\"},\"potentialAction\":[{\"@type\":\"SearchAction\",\"target\":{\"@type\":\"EntryPoint\",\"urlTemplate\":\"https:\\\/\\\/www.madera21.cl\\\/concursos\\\/?s={search_term_string}\"},\"query-input\":{\"@type\":\"PropertyValueSpecification\",\"valueRequired\":true,\"valueName\":\"search_term_string\"}}],\"inLanguage\":\"es\"},{\"@type\":\"Organization\",\"@id\":\"https:\\\/\\\/www.madera21.cl\\\/concursos\\\/#organization\",\"name\":\"concursos\",\"url\":\"https:\\\/\\\/www.madera21.cl\\\/concursos\\\/\",\"logo\":{\"@type\":\"ImageObject\",\"inLanguage\":\"es\",\"@id\":\"https:\\\/\\\/www.madera21.cl\\\/concursos\\\/#\\\/schema\\\/logo\\\/image\\\/\",\"url\":\"https:\\\/\\\/www.madera21.cl\\\/concursos\\\/wp-content\\\/uploads\\\/sites\\\/2\\\/2024\\\/10\\\/Logo_concursos.svg\",\"contentUrl\":\"https:\\\/\\\/www.madera21.cl\\\/concursos\\\/wp-content\\\/uploads\\\/sites\\\/2\\\/2024\\\/10\\\/Logo_concursos.svg\",\"width\":249,\"height\":44,\"caption\":\"concursos\"},\"image\":{\"@id\":\"https:\\\/\\\/www.madera21.cl\\\/concursos\\\/#\\\/schema\\\/logo\\\/image\\\/\"}}]}<\/script>\n<!-- \/ Yoast SEO plugin. -->","yoast_head_json":{"title":"Concurso de Arquitectura 2018 - concursos","robots":{"index":"index","follow":"follow","max-snippet":"max-snippet:-1","max-image-preview":"max-image-preview:large","max-video-preview":"max-video-preview:-1"},"canonical":"https:\/\/www.madera21.cl\/concursos\/convocatorias\/concurso-de-arquitectura-2018\/","og_locale":"es_ES","og_type":"article","og_title":"Concurso de Arquitectura 2018 - concursos","og_description":"Madera 21 es una asociaci\u00f3n de Corma (Corporaci\u00f3n Chilena de la Madera) que est\u00e1 compuesta por\u00a0diferentes actores, cuyo inter\u00e9s se encuentra en fomentar el uso de la madera en las \u00e1reas de la arquitectura, dise\u00f1o, ingenier\u00eda, construcci\u00f3n e innovaci\u00f3n y en transferir los conocimientos y tecnolog\u00eda necesarios para hacerlo. En este contexto y con el [&hellip;]","og_url":"https:\/\/www.madera21.cl\/concursos\/convocatorias\/concurso-de-arquitectura-2018\/","og_site_name":"concursos","article_modified_time":"2026-03-10T00:53:59+00:00","og_image":[{"width":1365,"height":274,"url":"http:\/\/www.madera21.cl\/concursos\/wp-content\/uploads\/sites\/2\/2018\/03\/Header-Arq-2018.jpg","type":"image\/jpeg"}],"twitter_card":"summary_large_image","twitter_misc":{"Tiempo de lectura":"2 minutos"},"schema":{"@context":"https:\/\/schema.org","@graph":[{"@type":"WebPage","@id":"https:\/\/www.madera21.cl\/concursos\/convocatorias\/concurso-de-arquitectura-2018\/","url":"https:\/\/www.madera21.cl\/concursos\/convocatorias\/concurso-de-arquitectura-2018\/","name":"Concurso de Arquitectura 2018 - concursos","isPartOf":{"@id":"https:\/\/www.madera21.cl\/concursos\/#website"},"primaryImageOfPage":{"@id":"https:\/\/www.madera21.cl\/concursos\/convocatorias\/concurso-de-arquitectura-2018\/#primaryimage"},"image":{"@id":"https:\/\/www.madera21.cl\/concursos\/convocatorias\/concurso-de-arquitectura-2018\/#primaryimage"},"thumbnailUrl":"https:\/\/www.madera21.cl\/concursos\/wp-content\/uploads\/sites\/2\/2018\/03\/Header-Arq-2018.jpg","datePublished":"2018-03-09T16:37:33+00:00","dateModified":"2026-03-10T00:53:59+00:00","breadcrumb":{"@id":"https:\/\/www.madera21.cl\/concursos\/convocatorias\/concurso-de-arquitectura-2018\/#breadcrumb"},"inLanguage":"es","potentialAction":[{"@type":"ReadAction","target":["https:\/\/www.madera21.cl\/concursos\/convocatorias\/concurso-de-arquitectura-2018\/"]}]},{"@type":"ImageObject","inLanguage":"es","@id":"https:\/\/www.madera21.cl\/concursos\/convocatorias\/concurso-de-arquitectura-2018\/#primaryimage","url":"https:\/\/www.madera21.cl\/concursos\/wp-content\/uploads\/sites\/2\/2018\/03\/Header-Arq-2018.jpg","contentUrl":"https:\/\/www.madera21.cl\/concursos\/wp-content\/uploads\/sites\/2\/2018\/03\/Header-Arq-2018.jpg","width":1365,"height":274},{"@type":"BreadcrumbList","@id":"https:\/\/www.madera21.cl\/concursos\/convocatorias\/concurso-de-arquitectura-2018\/#breadcrumb","itemListElement":[{"@type":"ListItem","position":1,"name":"Portada","item":"https:\/\/www.madera21.cl\/concursos\/"},{"@type":"ListItem","position":2,"name":"Convocatorias","item":"https:\/\/www.madera21.cl\/concursos\/convocatorias\/"},{"@type":"ListItem","position":3,"name":"Concurso de Arquitectura 2018"}]},{"@type":"WebSite","@id":"https:\/\/www.madera21.cl\/concursos\/#website","url":"https:\/\/www.madera21.cl\/concursos\/","name":"concursos","description":"","publisher":{"@id":"https:\/\/www.madera21.cl\/concursos\/#organization"},"potentialAction":[{"@type":"SearchAction","target":{"@type":"EntryPoint","urlTemplate":"https:\/\/www.madera21.cl\/concursos\/?s={search_term_string}"},"query-input":{"@type":"PropertyValueSpecification","valueRequired":true,"valueName":"search_term_string"}}],"inLanguage":"es"},{"@type":"Organization","@id":"https:\/\/www.madera21.cl\/concursos\/#organization","name":"concursos","url":"https:\/\/www.madera21.cl\/concursos\/","logo":{"@type":"ImageObject","inLanguage":"es","@id":"https:\/\/www.madera21.cl\/concursos\/#\/schema\/logo\/image\/","url":"https:\/\/www.madera21.cl\/concursos\/wp-content\/uploads\/sites\/2\/2024\/10\/Logo_concursos.svg","contentUrl":"https:\/\/www.madera21.cl\/concursos\/wp-content\/uploads\/sites\/2\/2024\/10\/Logo_concursos.svg","width":249,"height":44,"caption":"concursos"},"image":{"@id":"https:\/\/www.madera21.cl\/concursos\/#\/schema\/logo\/image\/"}}]}},"_links":{"self":[{"href":"https:\/\/www.madera21.cl\/concursos\/wp-json\/wp\/v2\/convocatorias\/6965","targetHints":{"allow":["GET"]}}],"collection":[{"href":"https:\/\/www.madera21.cl\/concursos\/wp-json\/wp\/v2\/convocatorias"}],"about":[{"href":"https:\/\/www.madera21.cl\/concursos\/wp-json\/wp\/v2\/types\/convocatorias"}],"wp:featuredmedia":[{"embeddable":true,"href":"https:\/\/www.madera21.cl\/concursos\/wp-json\/wp\/v2\/media\/7068"}],"wp:attachment":[{"href":"https:\/\/www.madera21.cl\/concursos\/wp-json\/wp\/v2\/media?parent=6965"}],"wp:term":[{"taxonomy":"anos","embeddable":true,"href":"https:\/\/www.madera21.cl\/concursos\/wp-json\/wp\/v2\/anos?post=6965"},{"taxonomy":"tipo","embeddable":true,"href":"https:\/\/www.madera21.cl\/concursos\/wp-json\/wp\/v2\/tipo?post=6965"}],"curies":[{"name":"wp","href":"https:\/\/api.w.org\/{rel}","templated":true}]}}