
{"id":7017,"date":"2020-03-03T19:07:13","date_gmt":"2020-03-03T22:07:13","guid":{"rendered":"https:\/\/www.madera21.cl\/concursos\/?post_type=convocatorias&#038;p=7017"},"modified":"2026-03-09T21:49:05","modified_gmt":"2026-03-10T00:49:05","slug":"concurso-fotografia-madera-en-la-mira-2020","status":"publish","type":"convocatorias","link":"https:\/\/www.madera21.cl\/concursos\/convocatorias\/concurso-fotografia-madera-en-la-mira-2020\/","title":{"rendered":"Concurso Fotograf\u00eda Madera en la Mira 2020"},"content":{"rendered":"<p class=\"vc_custom_heading\"><strong>La madera en la vida cotidiana<\/strong><\/p>\n<div class=\"wpb_text_column wpb_content_element vc_custom_1594080878284\">\n<div class=\"wpb_wrapper\">\n<p>Madera 21 de CORMA invita a expertos y aficionados a la fotograf\u00eda a participar en el IV Concurso de Fotograf\u00eda en el marco de la Semana de la Madera 2020 versi\u00f3n digital. Este a\u00f1o el objetivo del concurso se enfocar\u00e1 en relevar -a trav\u00e9s de las im\u00e1genes-\u00a0<strong>la Madera en la vida cotidiana.<\/strong><\/p>\n<p>La madera es un material vers\u00e1til y que nos acompa\u00f1a en nuestra vida diaria de diferentes maneras. El objetivo del IV Concurso de Fotograf\u00eda es darnos cuenta de esta relaci\u00f3n continua que tenemos con la madera, mostrando as\u00ed diferentes situaciones en las que interactuamos con este material.<\/p>\n<p>Este a\u00f1o el objetivo del concurso se enfocar\u00e1 en relevar -a trav\u00e9s de las im\u00e1genes- el importante papel que ha desempe\u00f1ado la madera en la vida cotidiana.<\/p>\n<p>La tem\u00e1tica ser\u00e1 abierta, pero el enfoque debe estar relacionado en nuestra relaci\u00f3n diaria con la madera.<\/p>\n<p>A modo de inspiraci\u00f3n para la fotograf\u00eda, les proponemos repasar sus rutinas y detectar en que instancias se est\u00e1 teniendo contacto y\/o haciendo uso de la madera o sus derivados. La idea es rescatar este momento o esta acci\u00f3n de una manera art\u00edstica, creativa o innovadora a trav\u00e9s de una fotograf\u00eda.<\/p>\n<blockquote><p><span style=\"color: #7546a3;\"><strong>Dada la contingencia sanitaria se mantiene la entrega en formato 100% digital<\/strong><\/span><\/p><\/blockquote>\n<\/div>\n<\/div>\n<div class=\"likebtn_container\" style=\"\"><!-- LikeBtn.com BEGIN --><span class=\"likebtn-wrapper\"  data-identifier=\"convocatorias_7017\"  data-site_id=\"58d98cec943ec9601191557b\"  data-lang=\"es\"  data-style=\"\"  data-unlike_allowed=\"\"  data-show_copyright=\"\"  data-item_url=\"https:\/\/www.madera21.cl\/concursos\/convocatorias\/concurso-fotografia-madera-en-la-mira-2020\/\"  data-item_title=\"Concurso Fotograf\u00eda Madera en la Mira 2020\"  data-item_image=\"https:\/\/www.madera21.cl\/concursos\/wp-content\/uploads\/sites\/2\/2020\/03\/Header-Fotos-2020-1024x206.jpg\"  data-item_date=\"2020-03-03T19:07:13-03:00\"  data-engine=\"WordPress\"  data-plugin_v=\"2.6.59\"  data-prx=\"https:\/\/www.madera21.cl\/concursos\/wp-admin\/admin-ajax.php?action=likebtn_prx\"  data-event_handler=\"likebtn_eh\" ><\/span><!-- LikeBtn.com END --><\/div>","protected":false},"featured_media":7055,"template":"","meta":{"_acf_changed":false},"anos":[403],"tipo":[443],"class_list":["post-7017","convocatorias","type-convocatorias","status-publish","has-post-thumbnail","hentry","anos-403","tipo-otros"],"acf":[],"yoast_head":"<!-- This site is optimized with the Yoast SEO plugin v27.5 - https:\/\/yoast.com\/product\/yoast-seo-wordpress\/ -->\n<title>Concurso Fotograf\u00eda Madera en la Mira 2020 - concursos<\/title>\n<meta name=\"robots\" content=\"index, follow, max-snippet:-1, max-image-preview:large, max-video-preview:-1\" \/>\n<link rel=\"canonical\" href=\"https:\/\/www.madera21.cl\/concursos\/convocatorias\/concurso-fotografia-madera-en-la-mira-2020\/\" \/>\n<meta property=\"og:locale\" content=\"es_ES\" \/>\n<meta property=\"og:type\" content=\"article\" \/>\n<meta property=\"og:title\" content=\"Concurso Fotograf\u00eda Madera en la Mira 2020 - concursos\" \/>\n<meta property=\"og:description\" content=\"La madera en la vida cotidiana Madera 21 de CORMA invita a expertos y aficionados a la fotograf\u00eda a participar en el IV Concurso de Fotograf\u00eda en el marco de la Semana de la Madera 2020 versi\u00f3n digital. Este a\u00f1o el objetivo del concurso se enfocar\u00e1 en relevar -a trav\u00e9s de las im\u00e1genes-\u00a0la Madera en [&hellip;]\" \/>\n<meta property=\"og:url\" content=\"https:\/\/www.madera21.cl\/concursos\/convocatorias\/concurso-fotografia-madera-en-la-mira-2020\/\" \/>\n<meta property=\"og:site_name\" content=\"concursos\" \/>\n<meta property=\"article:modified_time\" content=\"2026-03-10T00:49:05+00:00\" \/>\n<meta property=\"og:image\" content=\"http:\/\/www.madera21.cl\/concursos\/wp-content\/uploads\/sites\/2\/2020\/03\/Header-Fotos-2020.jpg\" \/>\n\t<meta property=\"og:image:width\" content=\"1365\" \/>\n\t<meta property=\"og:image:height\" content=\"274\" \/>\n\t<meta property=\"og:image:type\" content=\"image\/jpeg\" \/>\n<meta name=\"twitter:card\" content=\"summary_large_image\" \/>\n<meta name=\"twitter:label1\" content=\"Tiempo de lectura\" \/>\n\t<meta name=\"twitter:data1\" content=\"2 minutos\" \/>\n<script type=\"application\/ld+json\" class=\"yoast-schema-graph\">{\"@context\":\"https:\\\/\\\/schema.org\",\"@graph\":[{\"@type\":\"WebPage\",\"@id\":\"https:\\\/\\\/www.madera21.cl\\\/concursos\\\/convocatorias\\\/concurso-fotografia-madera-en-la-mira-2020\\\/\",\"url\":\"https:\\\/\\\/www.madera21.cl\\\/concursos\\\/convocatorias\\\/concurso-fotografia-madera-en-la-mira-2020\\\/\",\"name\":\"Concurso Fotograf\u00eda Madera en la Mira 2020 - concursos\",\"isPartOf\":{\"@id\":\"https:\\\/\\\/www.madera21.cl\\\/concursos\\\/#website\"},\"primaryImageOfPage\":{\"@id\":\"https:\\\/\\\/www.madera21.cl\\\/concursos\\\/convocatorias\\\/concurso-fotografia-madera-en-la-mira-2020\\\/#primaryimage\"},\"image\":{\"@id\":\"https:\\\/\\\/www.madera21.cl\\\/concursos\\\/convocatorias\\\/concurso-fotografia-madera-en-la-mira-2020\\\/#primaryimage\"},\"thumbnailUrl\":\"https:\\\/\\\/www.madera21.cl\\\/concursos\\\/wp-content\\\/uploads\\\/sites\\\/2\\\/2020\\\/03\\\/Header-Fotos-2020.jpg\",\"datePublished\":\"2020-03-03T22:07:13+00:00\",\"dateModified\":\"2026-03-10T00:49:05+00:00\",\"breadcrumb\":{\"@id\":\"https:\\\/\\\/www.madera21.cl\\\/concursos\\\/convocatorias\\\/concurso-fotografia-madera-en-la-mira-2020\\\/#breadcrumb\"},\"inLanguage\":\"es\",\"potentialAction\":[{\"@type\":\"ReadAction\",\"target\":[\"https:\\\/\\\/www.madera21.cl\\\/concursos\\\/convocatorias\\\/concurso-fotografia-madera-en-la-mira-2020\\\/\"]}]},{\"@type\":\"ImageObject\",\"inLanguage\":\"es\",\"@id\":\"https:\\\/\\\/www.madera21.cl\\\/concursos\\\/convocatorias\\\/concurso-fotografia-madera-en-la-mira-2020\\\/#primaryimage\",\"url\":\"https:\\\/\\\/www.madera21.cl\\\/concursos\\\/wp-content\\\/uploads\\\/sites\\\/2\\\/2020\\\/03\\\/Header-Fotos-2020.jpg\",\"contentUrl\":\"https:\\\/\\\/www.madera21.cl\\\/concursos\\\/wp-content\\\/uploads\\\/sites\\\/2\\\/2020\\\/03\\\/Header-Fotos-2020.jpg\",\"width\":1365,\"height\":274},{\"@type\":\"BreadcrumbList\",\"@id\":\"https:\\\/\\\/www.madera21.cl\\\/concursos\\\/convocatorias\\\/concurso-fotografia-madera-en-la-mira-2020\\\/#breadcrumb\",\"itemListElement\":[{\"@type\":\"ListItem\",\"position\":1,\"name\":\"Portada\",\"item\":\"https:\\\/\\\/www.madera21.cl\\\/concursos\\\/\"},{\"@type\":\"ListItem\",\"position\":2,\"name\":\"Convocatorias\",\"item\":\"https:\\\/\\\/www.madera21.cl\\\/concursos\\\/convocatorias\\\/\"},{\"@type\":\"ListItem\",\"position\":3,\"name\":\"Concurso Fotograf\u00eda Madera en la Mira 2020\"}]},{\"@type\":\"WebSite\",\"@id\":\"https:\\\/\\\/www.madera21.cl\\\/concursos\\\/#website\",\"url\":\"https:\\\/\\\/www.madera21.cl\\\/concursos\\\/\",\"name\":\"concursos\",\"description\":\"\",\"publisher\":{\"@id\":\"https:\\\/\\\/www.madera21.cl\\\/concursos\\\/#organization\"},\"potentialAction\":[{\"@type\":\"SearchAction\",\"target\":{\"@type\":\"EntryPoint\",\"urlTemplate\":\"https:\\\/\\\/www.madera21.cl\\\/concursos\\\/?s={search_term_string}\"},\"query-input\":{\"@type\":\"PropertyValueSpecification\",\"valueRequired\":true,\"valueName\":\"search_term_string\"}}],\"inLanguage\":\"es\"},{\"@type\":\"Organization\",\"@id\":\"https:\\\/\\\/www.madera21.cl\\\/concursos\\\/#organization\",\"name\":\"concursos\",\"url\":\"https:\\\/\\\/www.madera21.cl\\\/concursos\\\/\",\"logo\":{\"@type\":\"ImageObject\",\"inLanguage\":\"es\",\"@id\":\"https:\\\/\\\/www.madera21.cl\\\/concursos\\\/#\\\/schema\\\/logo\\\/image\\\/\",\"url\":\"https:\\\/\\\/www.madera21.cl\\\/concursos\\\/wp-content\\\/uploads\\\/sites\\\/2\\\/2024\\\/10\\\/Logo_concursos.svg\",\"contentUrl\":\"https:\\\/\\\/www.madera21.cl\\\/concursos\\\/wp-content\\\/uploads\\\/sites\\\/2\\\/2024\\\/10\\\/Logo_concursos.svg\",\"width\":249,\"height\":44,\"caption\":\"concursos\"},\"image\":{\"@id\":\"https:\\\/\\\/www.madera21.cl\\\/concursos\\\/#\\\/schema\\\/logo\\\/image\\\/\"}}]}<\/script>\n<!-- \/ Yoast SEO plugin. -->","yoast_head_json":{"title":"Concurso Fotograf\u00eda Madera en la Mira 2020 - concursos","robots":{"index":"index","follow":"follow","max-snippet":"max-snippet:-1","max-image-preview":"max-image-preview:large","max-video-preview":"max-video-preview:-1"},"canonical":"https:\/\/www.madera21.cl\/concursos\/convocatorias\/concurso-fotografia-madera-en-la-mira-2020\/","og_locale":"es_ES","og_type":"article","og_title":"Concurso Fotograf\u00eda Madera en la Mira 2020 - concursos","og_description":"La madera en la vida cotidiana Madera 21 de CORMA invita a expertos y aficionados a la fotograf\u00eda a participar en el IV Concurso de Fotograf\u00eda en el marco de la Semana de la Madera 2020 versi\u00f3n digital. Este a\u00f1o el objetivo del concurso se enfocar\u00e1 en relevar -a trav\u00e9s de las im\u00e1genes-\u00a0la Madera en [&hellip;]","og_url":"https:\/\/www.madera21.cl\/concursos\/convocatorias\/concurso-fotografia-madera-en-la-mira-2020\/","og_site_name":"concursos","article_modified_time":"2026-03-10T00:49:05+00:00","og_image":[{"width":1365,"height":274,"url":"http:\/\/www.madera21.cl\/concursos\/wp-content\/uploads\/sites\/2\/2020\/03\/Header-Fotos-2020.jpg","type":"image\/jpeg"}],"twitter_card":"summary_large_image","twitter_misc":{"Tiempo de lectura":"2 minutos"},"schema":{"@context":"https:\/\/schema.org","@graph":[{"@type":"WebPage","@id":"https:\/\/www.madera21.cl\/concursos\/convocatorias\/concurso-fotografia-madera-en-la-mira-2020\/","url":"https:\/\/www.madera21.cl\/concursos\/convocatorias\/concurso-fotografia-madera-en-la-mira-2020\/","name":"Concurso Fotograf\u00eda Madera en la Mira 2020 - concursos","isPartOf":{"@id":"https:\/\/www.madera21.cl\/concursos\/#website"},"primaryImageOfPage":{"@id":"https:\/\/www.madera21.cl\/concursos\/convocatorias\/concurso-fotografia-madera-en-la-mira-2020\/#primaryimage"},"image":{"@id":"https:\/\/www.madera21.cl\/concursos\/convocatorias\/concurso-fotografia-madera-en-la-mira-2020\/#primaryimage"},"thumbnailUrl":"https:\/\/www.madera21.cl\/concursos\/wp-content\/uploads\/sites\/2\/2020\/03\/Header-Fotos-2020.jpg","datePublished":"2020-03-03T22:07:13+00:00","dateModified":"2026-03-10T00:49:05+00:00","breadcrumb":{"@id":"https:\/\/www.madera21.cl\/concursos\/convocatorias\/concurso-fotografia-madera-en-la-mira-2020\/#breadcrumb"},"inLanguage":"es","potentialAction":[{"@type":"ReadAction","target":["https:\/\/www.madera21.cl\/concursos\/convocatorias\/concurso-fotografia-madera-en-la-mira-2020\/"]}]},{"@type":"ImageObject","inLanguage":"es","@id":"https:\/\/www.madera21.cl\/concursos\/convocatorias\/concurso-fotografia-madera-en-la-mira-2020\/#primaryimage","url":"https:\/\/www.madera21.cl\/concursos\/wp-content\/uploads\/sites\/2\/2020\/03\/Header-Fotos-2020.jpg","contentUrl":"https:\/\/www.madera21.cl\/concursos\/wp-content\/uploads\/sites\/2\/2020\/03\/Header-Fotos-2020.jpg","width":1365,"height":274},{"@type":"BreadcrumbList","@id":"https:\/\/www.madera21.cl\/concursos\/convocatorias\/concurso-fotografia-madera-en-la-mira-2020\/#breadcrumb","itemListElement":[{"@type":"ListItem","position":1,"name":"Portada","item":"https:\/\/www.madera21.cl\/concursos\/"},{"@type":"ListItem","position":2,"name":"Convocatorias","item":"https:\/\/www.madera21.cl\/concursos\/convocatorias\/"},{"@type":"ListItem","position":3,"name":"Concurso Fotograf\u00eda Madera en la Mira 2020"}]},{"@type":"WebSite","@id":"https:\/\/www.madera21.cl\/concursos\/#website","url":"https:\/\/www.madera21.cl\/concursos\/","name":"concursos","description":"","publisher":{"@id":"https:\/\/www.madera21.cl\/concursos\/#organization"},"potentialAction":[{"@type":"SearchAction","target":{"@type":"EntryPoint","urlTemplate":"https:\/\/www.madera21.cl\/concursos\/?s={search_term_string}"},"query-input":{"@type":"PropertyValueSpecification","valueRequired":true,"valueName":"search_term_string"}}],"inLanguage":"es"},{"@type":"Organization","@id":"https:\/\/www.madera21.cl\/concursos\/#organization","name":"concursos","url":"https:\/\/www.madera21.cl\/concursos\/","logo":{"@type":"ImageObject","inLanguage":"es","@id":"https:\/\/www.madera21.cl\/concursos\/#\/schema\/logo\/image\/","url":"https:\/\/www.madera21.cl\/concursos\/wp-content\/uploads\/sites\/2\/2024\/10\/Logo_concursos.svg","contentUrl":"https:\/\/www.madera21.cl\/concursos\/wp-content\/uploads\/sites\/2\/2024\/10\/Logo_concursos.svg","width":249,"height":44,"caption":"concursos"},"image":{"@id":"https:\/\/www.madera21.cl\/concursos\/#\/schema\/logo\/image\/"}}]}},"_links":{"self":[{"href":"https:\/\/www.madera21.cl\/concursos\/wp-json\/wp\/v2\/convocatorias\/7017","targetHints":{"allow":["GET"]}}],"collection":[{"href":"https:\/\/www.madera21.cl\/concursos\/wp-json\/wp\/v2\/convocatorias"}],"about":[{"href":"https:\/\/www.madera21.cl\/concursos\/wp-json\/wp\/v2\/types\/convocatorias"}],"wp:featuredmedia":[{"embeddable":true,"href":"https:\/\/www.madera21.cl\/concursos\/wp-json\/wp\/v2\/media\/7055"}],"wp:attachment":[{"href":"https:\/\/www.madera21.cl\/concursos\/wp-json\/wp\/v2\/media?parent=7017"}],"wp:term":[{"taxonomy":"anos","embeddable":true,"href":"https:\/\/www.madera21.cl\/concursos\/wp-json\/wp\/v2\/anos?post=7017"},{"taxonomy":"tipo","embeddable":true,"href":"https:\/\/www.madera21.cl\/concursos\/wp-json\/wp\/v2\/tipo?post=7017"}],"curies":[{"name":"wp","href":"https:\/\/api.w.org\/{rel}","templated":true}]}}